{"id":10,"date":"2018-05-27T09:31:00","date_gmt":"2018-05-27T07:31:00","guid":{"rendered":"http:\/\/tps-trauma.org\/?page_id=10"},"modified":"2019-11-15T16:32:40","modified_gmt":"2019-11-15T15:32:40","slug":"blog","status":"publish","type":"page","link":"https:\/\/tps-trauma.org\/index.php\/blog\/","title":{"rendered":"Blog \/ Actualit\u00e9s"},"content":{"rendered":"\n<script async src=\"https:\/\/www.googletagmanager.com\/gtag\/js?id=UA-53267311-2\"><\/script>\n<script>\n  window.dataLayer = window.dataLayer || [];\n  function gtag(){dataLayer.push(arguments);}\n  gtag('js', new Date());\n\n  gtag('config', 'UA-53267311-2');\n<\/script>\n\n\n\n<p class=\"wp-block-paragraph\"><ul class=\"lcp_catlist\" id=\"lcp_instance_0\"><li><a href=\"https:\/\/tps-trauma.org\/index.php\/2026\/02\/16\/pratique-de-la-therapie-psycho-sensorielle\/\">Pratique de la Th\u00e9rapie Psycho-Sensorielle<\/a><div class=\"lcp_content\">\n<p class=\"wp-block-paragraph\">F\u00e9vrier 2026<\/p>\n\n\n\n<figure class=\"wp-block-image size-large\"><img data-recalc-dims=\"1\" loading=\"lazy\" decoding=\"async\" width=\"525\" height=\"295\" data-attachment-id=\"3082\" data-permalink=\"https:\/\/tps-trauma.org\/index.php\/2026\/02\/16\/pratique-de-la-therapie-psycho-sensorielle\/20260209_095222\/\" data-orig-file=\"https:\/\/i0.wp.com\/tps-trauma.org\/wp-content\/uploads\/2026\/02\/20260209_095222-scaled.jpg?fit=2560%2C1441&amp;ssl=1\" data-orig-size=\"2560,1441\" data-comments-opened=\"1\" data-image-meta=\"{&quot;aperture&quot;:&quot;1.9&quot;,&quot;credit&quot;:&quot;&quot;,&quot;camera&quot;:&quot;Galaxy S25 Ultra&quot;,&quot;caption&quot;:&quot;&quot;,&quot;created_timestamp&quot;:&quot;1770630742&quot;,&quot;copyright&quot;:&quot;&quot;,&quot;focal_length&quot;:&quot;2.2&quot;,&quot;iso&quot;:&quot;200&quot;,&quot;shutter_speed&quot;:&quot;0.019982648&quot;,&quot;title&quot;:&quot;&quot;,&quot;orientation&quot;:&quot;1&quot;}\" data-image-title=\"20260209_095222\" data-image-description=\"\" data-image-caption=\"\" data-large-file=\"https:\/\/i0.wp.com\/tps-trauma.org\/wp-content\/uploads\/2026\/02\/20260209_095222-scaled.jpg?fit=525%2C295&amp;ssl=1\" src=\"https:\/\/i0.wp.com\/tps-trauma.org\/wp-content\/uploads\/2026\/02\/20260209_095222.jpg?resize=525%2C295&#038;ssl=1\" alt=\"\" class=\"wp-image-3082\" srcset=\"https:\/\/i0.wp.com\/tps-trauma.org\/wp-content\/uploads\/2026\/02\/20260209_095222-scaled.jpg?resize=1024%2C576&amp;ssl=1 1024w, https:\/\/i0.wp.com\/tps-trauma.org\/wp-content\/uploads\/2026\/02\/20260209_095222-scaled.jpg?resize=300%2C169&amp;ssl=1 300w, https:\/\/i0.wp.com\/tps-trauma.org\/wp-content\/uploads\/2026\/02\/20260209_095222-scaled.jpg?resize=768%2C432&amp;ssl=1 768w, https:\/\/i0.wp.com\/tps-trauma.org\/wp-content\/uploads\/2026\/02\/20260209_095222-scaled.jpg?resize=1536%2C865&amp;ssl=1 1536w, https:\/\/i0.wp.com\/tps-trauma.org\/wp-content\/uploads\/2026\/02\/20260209_095222-scaled.jpg?resize=2048%2C1153&amp;ssl=1 2048w\" sizes=\"auto, (max-width: 767px) 89vw, (max-width: 1000px) 54vw, (max-width: 1071px) 543px, 580px\" \/><\/figure>\n\n\n\n<p class=\"wp-block-paragraph\">Nous retrouvons avec plaisir, pour ce 2e niveau, neuf stagiaires ayant valid\u00e9s le Niveau 1 en janvier et en novembre 2025.<\/p>\n\n\n\n<p class=\"wp-block-paragraph\">Pendant ces 3 journ\u00e9es tr\u00e8s denses, les participants se sont plong\u00e9s dans des cas concrets gr\u00e2ce aux vid\u00e9os de s\u00e9ances r\u00e9elles ainsi que dans l\u2019analyse, en groupe, de cas de prise en charge TPS amen\u00e9s par les stagiaires.<\/p>\n\n\n\n<p class=\"wp-block-paragraph\">Ils ont pu se familiariser avec le maniement de l\u2019Echelle d\u2019Evaluation, toucher du doigt les \u00e9cueils possibles dans la prise en charge pour savoir les d\u00e9passer. Au final, ils ont pu s\u2019approprier les subtilit\u00e9s de la m\u00e9thode et son efficacit\u00e9.<\/p>\n\n\n\n<p class=\"wp-block-paragraph\">Frank Lamothe est \u00e0 nouveau pr\u00e9sent et ses interventions apporterons encore un \u00e9clairage important pour bien comprendre le cheminement de la personne pendant la TPS. Un grand merci \u00e0 lui.<\/p>\n\n\n\n<p class=\"wp-block-paragraph\">Ils peuvent maintenant tester leur capacit\u00e9 \u00e0 utiliser la TPS, \u00e0 bon escient, pour des cas qu\u2019ils auront d\u00e9tect\u00e9s. En cela, ils seront \u00ab&nbsp;supervis\u00e9s&nbsp;\u00bb par le docteur Marie-Claude L\u00e9n\u00e8s qui pourra encore intervenir pour rectifier, si besoin, leur conduite des s\u00e9ances.<\/p>\n\n\n\n<p class=\"wp-block-paragraph\">La Certification d\u00e9finitive interviendra \u00e9ventuellement apr\u00e8s validation du Niveau 3 de la formation<\/p>\n<a href=\"https:\/\/tps-trauma.org\/index.php\/2026\/02\/16\/pratique-de-la-therapie-psycho-sensorielle\/\" title=\"Continuer la lecture &rarr;\">Continuer la lecture &rarr;<\/a><\/div><\/li><li><a href=\"https:\/\/tps-trauma.org\/index.php\/2026\/02\/16\/praticien-expert-en-therapie-psycho-sensorielle-janvier-2026\/\">Praticien Expert en Th\u00e9rapie Psycho-Sensorielle &#8211; Janvier 2026<\/a><div class=\"lcp_content\">\n<figure class=\"wp-block-image size-large\"><img data-recalc-dims=\"1\" loading=\"lazy\" decoding=\"async\" width=\"525\" height=\"328\" data-attachment-id=\"3079\" data-permalink=\"https:\/\/tps-trauma.org\/index.php\/2026\/02\/16\/praticien-expert-en-therapie-psycho-sensorielle-janvier-2026\/formation-n3-01-2026-scaled\/\" data-orig-file=\"https:\/\/i0.wp.com\/tps-trauma.org\/wp-content\/uploads\/2026\/02\/Formation-N3-01-2026-scaled-1.webp?fit=1080%2C675&amp;ssl=1\" data-orig-size=\"1080,675\" data-comments-opened=\"1\" data-image-meta=\"{&quot;aperture&quot;:&quot;0&quot;,&quot;credit&quot;:&quot;&quot;,&quot;camera&quot;:&quot;&quot;,&quot;caption&quot;:&quot;&quot;,&quot;created_timestamp&quot;:&quot;0&quot;,&quot;copyright&quot;:&quot;&quot;,&quot;focal_length&quot;:&quot;0&quot;,&quot;iso&quot;:&quot;0&quot;,&quot;shutter_speed&quot;:&quot;0&quot;,&quot;title&quot;:&quot;&quot;,&quot;orientation&quot;:&quot;0&quot;}\" data-image-title=\"Formation-N3-01-2026-scaled\" data-image-description=\"\" data-image-caption=\"\" data-large-file=\"https:\/\/i0.wp.com\/tps-trauma.org\/wp-content\/uploads\/2026\/02\/Formation-N3-01-2026-scaled-1.webp?fit=525%2C328&amp;ssl=1\" src=\"https:\/\/i0.wp.com\/tps-trauma.org\/wp-content\/uploads\/2026\/02\/Formation-N3-01-2026-scaled-1.webp?resize=525%2C328&#038;ssl=1\" alt=\"\" class=\"wp-image-3079\" srcset=\"https:\/\/i0.wp.com\/tps-trauma.org\/wp-content\/uploads\/2026\/02\/Formation-N3-01-2026-scaled-1.webp?resize=1024%2C640&amp;ssl=1 1024w, https:\/\/i0.wp.com\/tps-trauma.org\/wp-content\/uploads\/2026\/02\/Formation-N3-01-2026-scaled-1.webp?resize=300%2C188&amp;ssl=1 300w, https:\/\/i0.wp.com\/tps-trauma.org\/wp-content\/uploads\/2026\/02\/Formation-N3-01-2026-scaled-1.webp?resize=768%2C480&amp;ssl=1 768w, https:\/\/i0.wp.com\/tps-trauma.org\/wp-content\/uploads\/2026\/02\/Formation-N3-01-2026-scaled-1.webp?w=1080&amp;ssl=1 1080w\" sizes=\"auto, (max-width: 767px) 89vw, (max-width: 1000px) 54vw, (max-width: 1071px) 543px, 580px\" \/><\/figure>\n\n\n\n<p class=\"wp-block-paragraph\">Une formation de niveau 3 \u00ab Praticien expert en Th\u00e9rapie Psycho-Sensorielle \u00bb a eu lieu du 19 au 21 janvier 2026.&nbsp;<\/p>\n\n\n\n<p class=\"wp-block-paragraph\">Cette formation a r\u00e9uni 5 stagiaires. Apr\u00e8s une r\u00e9vision pour remettre tout le monde \u00e0 niveau, chacun \u00e0 pu pr\u00e9senter et travailler sur des cas cliniques tr\u00e8s riches.&nbsp;&nbsp;<\/p>\n\n\n\n<p class=\"wp-block-paragraph\">Lors de cette session, les stagiaires ont \u00e9galement pu acqu\u00e9rir des comp\u00e9tences dans l\u2019accompagnement d\u2019enfants victimes de psychotrauma.<\/p>\n\n\n\n<p class=\"wp-block-paragraph\">La Certification interviendra apr\u00e8s la remise et la validation de leur m\u00e9moire<\/p>\n<a href=\"https:\/\/tps-trauma.org\/index.php\/2026\/02\/16\/praticien-expert-en-therapie-psycho-sensorielle-janvier-2026\/\" title=\"Continuer la lecture &rarr;\">Continuer la lecture &rarr;<\/a><\/div><\/li><li><a href=\"https:\/\/tps-trauma.org\/index.php\/2025\/11\/28\/novembre-2025-formation-1er-niveau\/\">2025 &#8211; Formation 1er niveau &#8211; novembre &#8211; Montpellier<\/a><div class=\"lcp_content\">\n<figure class=\"wp-block-image size-large\"><img data-recalc-dims=\"1\" loading=\"lazy\" decoding=\"async\" width=\"525\" height=\"314\" data-attachment-id=\"3066\" data-permalink=\"https:\/\/tps-trauma.org\/index.php\/2025\/11\/28\/novembre-2025-formation-1er-niveau\/20251126_1058232\/\" data-orig-file=\"https:\/\/i0.wp.com\/tps-trauma.org\/wp-content\/uploads\/2025\/11\/20251126_1058232-scaled.jpg?fit=2560%2C1534&amp;ssl=1\" data-orig-size=\"2560,1534\" data-comments-opened=\"1\" data-image-meta=\"{&quot;aperture&quot;:&quot;1.9&quot;,&quot;credit&quot;:&quot;&quot;,&quot;camera&quot;:&quot;Galaxy S25 Ultra&quot;,&quot;caption&quot;:&quot;&quot;,&quot;created_timestamp&quot;:&quot;1764154703&quot;,&quot;copyright&quot;:&quot;&quot;,&quot;focal_length&quot;:&quot;2.2&quot;,&quot;iso&quot;:&quot;100&quot;,&quot;shutter_speed&quot;:&quot;0.0083337&quot;,&quot;title&quot;:&quot;&quot;,&quot;orientation&quot;:&quot;1&quot;}\" data-image-title=\"20251126_105823~2\" data-image-description=\"\" data-image-caption=\"\" data-large-file=\"https:\/\/i0.wp.com\/tps-trauma.org\/wp-content\/uploads\/2025\/11\/20251126_1058232-scaled.jpg?fit=525%2C314&amp;ssl=1\" src=\"https:\/\/i0.wp.com\/tps-trauma.org\/wp-content\/uploads\/2025\/11\/20251126_1058232.jpg?resize=525%2C314&#038;ssl=1\" alt=\"\" class=\"wp-image-3066\" srcset=\"https:\/\/i0.wp.com\/tps-trauma.org\/wp-content\/uploads\/2025\/11\/20251126_1058232-scaled.jpg?resize=1024%2C613&amp;ssl=1 1024w, https:\/\/i0.wp.com\/tps-trauma.org\/wp-content\/uploads\/2025\/11\/20251126_1058232-scaled.jpg?resize=300%2C180&amp;ssl=1 300w, https:\/\/i0.wp.com\/tps-trauma.org\/wp-content\/uploads\/2025\/11\/20251126_1058232-scaled.jpg?resize=768%2C460&amp;ssl=1 768w, https:\/\/i0.wp.com\/tps-trauma.org\/wp-content\/uploads\/2025\/11\/20251126_1058232-scaled.jpg?resize=1536%2C920&amp;ssl=1 1536w, https:\/\/i0.wp.com\/tps-trauma.org\/wp-content\/uploads\/2025\/11\/20251126_1058232-scaled.jpg?resize=2048%2C1227&amp;ssl=1 2048w, https:\/\/i0.wp.com\/tps-trauma.org\/wp-content\/uploads\/2025\/11\/20251126_1058232-scaled.jpg?resize=2000%2C1200&amp;ssl=1 2000w\" sizes=\"auto, (max-width: 767px) 89vw, (max-width: 1000px) 54vw, (max-width: 1071px) 543px, 580px\" \/><\/figure>\n\n\n\n<p class=\"wp-block-paragraph\">En ce mois de novembre 2025 a eu lieu une formation de niveau 1 exceptionnelle. Tout d\u2019abord, le nombre et la qualit\u00e9 des stagiaires, de niveaux comparables, a permis des \u00e9changes enrichissants pour chacun et a fait un cours anim\u00e9 et vivant.<\/p>\n\n\n\n<p class=\"wp-block-paragraph\">Les r\u00e9actions spontan\u00e9es lors de la d\u00e9couverte, gr\u00e2ce aux vid\u00e9os de s\u00e9ances enregistr\u00e9es, de la mise en application de la Th\u00e9orie Psycho-Sensorielle et de ses effets imm\u00e9diats, ont color\u00e9 les journ\u00e9es et soud\u00e9 le groupe.<\/p>\n\n\n\n<p class=\"wp-block-paragraph\">Mais, surtout, la pr\u00e9sence (en Guest Star), de Franck, dont le t\u00e9moignage de ses deux s\u00e9ances de TPS est pr\u00e9sent\u00e9e dans le livre du Dr L\u00e9n\u00e8s, a apport\u00e9 un \u00e9l\u00e9ment humain et r\u00e9el qui a permis aux autres stagiaires de v\u00e9ritablement \u00ab&nbsp;toucher du doigt&nbsp;\u00bb le m\u00e9canisme \u00e0 l\u2019\u0153uvre lors de la Travers\u00e9e Psycho-Sensorielle.<\/p>\n\n\n\n<p class=\"wp-block-paragraph\">Les huit stagiaires ont d\u00e9cid\u00e9s de s\u2019organiser au mieux pour participer ensemble au deuxi\u00e8me niveau de formation en 2026<\/p>\n<a href=\"https:\/\/tps-trauma.org\/index.php\/2025\/11\/28\/novembre-2025-formation-1er-niveau\/\" title=\"Continuer la lecture &rarr;\">Continuer la lecture &rarr;<\/a><\/div><\/li><li><a href=\"https:\/\/tps-trauma.org\/index.php\/2025\/03\/28\/formation-1er-niveau\/\">Formation 1er niveau<\/a><div class=\"lcp_content\">\n<p class=\"wp-block-paragraph\">Une formation \u00ab Comp\u00e9tence en psycho-traumatologie \u00bb s\u2019est tenue \u00e0 Montpellier les 20-21-22 janvier 2025. Cette session a accueilli 4 stagiaires inscrites de mani\u00e8re individuelle.<\/p>\n\n\n\n<figure class=\"wp-block-image size-large\"><img data-recalc-dims=\"1\" loading=\"lazy\" decoding=\"async\" width=\"525\" height=\"328\" data-attachment-id=\"3017\" data-permalink=\"https:\/\/tps-trauma.org\/index.php\/2025\/03\/28\/formation-1er-niveau\/01-2025\/\" data-orig-file=\"https:\/\/i0.wp.com\/tps-trauma.org\/wp-content\/uploads\/2025\/03\/01-2025.webp?fit=1080%2C675&amp;ssl=1\" data-orig-size=\"1080,675\" data-comments-opened=\"1\" data-image-meta=\"{&quot;aperture&quot;:&quot;0&quot;,&quot;credit&quot;:&quot;&quot;,&quot;camera&quot;:&quot;&quot;,&quot;caption&quot;:&quot;&quot;,&quot;created_timestamp&quot;:&quot;0&quot;,&quot;copyright&quot;:&quot;&quot;,&quot;focal_length&quot;:&quot;0&quot;,&quot;iso&quot;:&quot;0&quot;,&quot;shutter_speed&quot;:&quot;0&quot;,&quot;title&quot;:&quot;&quot;,&quot;orientation&quot;:&quot;0&quot;}\" data-image-title=\"01 2025\" data-image-description=\"\" data-image-caption=\"\" data-large-file=\"https:\/\/i0.wp.com\/tps-trauma.org\/wp-content\/uploads\/2025\/03\/01-2025.webp?fit=525%2C328&amp;ssl=1\" src=\"https:\/\/i0.wp.com\/tps-trauma.org\/wp-content\/uploads\/2025\/03\/01-2025.webp?resize=525%2C328&#038;ssl=1\" alt=\"\" class=\"wp-image-3017\" srcset=\"https:\/\/i0.wp.com\/tps-trauma.org\/wp-content\/uploads\/2025\/03\/01-2025.webp?resize=1024%2C640&amp;ssl=1 1024w, https:\/\/i0.wp.com\/tps-trauma.org\/wp-content\/uploads\/2025\/03\/01-2025.webp?resize=300%2C188&amp;ssl=1 300w, https:\/\/i0.wp.com\/tps-trauma.org\/wp-content\/uploads\/2025\/03\/01-2025.webp?resize=768%2C480&amp;ssl=1 768w, https:\/\/i0.wp.com\/tps-trauma.org\/wp-content\/uploads\/2025\/03\/01-2025.webp?w=1080&amp;ssl=1 1080w\" sizes=\"auto, (max-width: 767px) 89vw, (max-width: 1000px) 54vw, (max-width: 1071px) 543px, 580px\" \/><\/figure>\n\n\n\n<p class=\"wp-block-paragraph\">Les participantes se sont montr\u00e9es tr\u00e8s impliqu\u00e9es et ont brillamment valid\u00e9 le premier niveau de formation \u00e0 la Th\u00e9rapie Psycho-Sensorielle.<\/p>\n\n\n\n<p class=\"wp-block-paragraph\">Ces trois jours ont plong\u00e9 les stagiaires dans la d\u00e9couverte et l\u2019apprentissage de la clinique du stress et du psychotraumatisme, dans leurs m\u00e9canismes, sympt\u00f4mes, et cons\u00e9quences.<\/p>\n\n\n\n<p class=\"wp-block-paragraph\">Une distinction nette entre ces deux concepts a \u00e9t\u00e9 mise en \u00e9vidence gr\u00e2ce \u00e0 la pr\u00e9sentation des recherches \u00e0 l\u2019origine de la Th\u00e9orie Psycho-Sensorielle, illustr\u00e9e par des cas cliniques sous forme de vid\u00e9os et d\u2019\u00e9crits pr\u00e9sent\u00e9s par le Dr. L\u00e9n\u00e8s.&nbsp;<\/p>\n\n\n\n<p class=\"wp-block-paragraph\">Les retours \u00ab \u00e0 chaud \u00bb des stagiaires, collect\u00e9s \u00e0 la fin de la formation, ainsi que les examens \u00e9crits ont confirm\u00e9 que les objectifs des trois journ\u00e9es avaient \u00e9t\u00e9 atteints.&nbsp;&nbsp;<\/p>\n\n\n\n<p class=\"wp-block-paragraph\">Si vous souhaitez d\u00e9couvrir cette m\u00e9thode innovante pour traiter le psycho-trauma, vous pouvez consulter le calendrier individuel de formation disponible <a href=\"https:\/\/tps-formations.fr\/formations\/\">ici<\/a>.<\/p>\n<a href=\"https:\/\/tps-trauma.org\/index.php\/2025\/03\/28\/formation-1er-niveau\/\" title=\"Continuer la lecture &rarr;\">Continuer la lecture &rarr;<\/a><\/div><\/li><li><a href=\"https:\/\/tps-trauma.org\/index.php\/2024\/01\/12\/les-formations-en-2023\/\">Les Formations en 2023<\/a><div class=\"lcp_content\">\n<p class=\"wp-block-paragraph\">Au cours de l&rsquo;ann\u00e9e, nous avons form\u00e9 78 \u00e9l\u00e8ves en plusieurs sessions. Tous se sont montr\u00e9s extr\u00eamement satisfaits et appliquent maintenant la TPS au quotidien dans leur pratique.<\/p>\n\n\n\n<figure class=\"wp-block-image size-large\"><img data-recalc-dims=\"1\" loading=\"lazy\" decoding=\"async\" width=\"525\" height=\"328\" data-attachment-id=\"2991\" data-permalink=\"https:\/\/tps-trauma.org\/index.php\/2024\/01\/12\/les-formations-en-2023\/23-10-vv-niveau-2-photo-1-floutee-scaled\/\" data-orig-file=\"https:\/\/i0.wp.com\/tps-trauma.org\/wp-content\/uploads\/2024\/01\/23-10-VV-niveau-2-photo-1-floutee-scaled-1.webp?fit=1080%2C675&amp;ssl=1\" data-orig-size=\"1080,675\" data-comments-opened=\"1\" data-image-meta=\"{&quot;aperture&quot;:&quot;0&quot;,&quot;credit&quot;:&quot;&quot;,&quot;camera&quot;:&quot;&quot;,&quot;caption&quot;:&quot;&quot;,&quot;created_timestamp&quot;:&quot;0&quot;,&quot;copyright&quot;:&quot;&quot;,&quot;focal_length&quot;:&quot;0&quot;,&quot;iso&quot;:&quot;0&quot;,&quot;shutter_speed&quot;:&quot;0&quot;,&quot;title&quot;:&quot;&quot;,&quot;orientation&quot;:&quot;0&quot;}\" data-image-title=\"23-10-VV-niveau-2-photo-1-floutee-scaled\" data-image-description=\"\" data-image-caption=\"\" data-large-file=\"https:\/\/i0.wp.com\/tps-trauma.org\/wp-content\/uploads\/2024\/01\/23-10-VV-niveau-2-photo-1-floutee-scaled-1.webp?fit=525%2C328&amp;ssl=1\" src=\"https:\/\/i0.wp.com\/tps-trauma.org\/wp-content\/uploads\/2024\/01\/23-10-VV-niveau-2-photo-1-floutee-scaled-1.webp?resize=525%2C328&#038;ssl=1\" alt=\"\" class=\"wp-image-2991\" srcset=\"https:\/\/i0.wp.com\/tps-trauma.org\/wp-content\/uploads\/2024\/01\/23-10-VV-niveau-2-photo-1-floutee-scaled-1.webp?resize=1024%2C640&amp;ssl=1 1024w, https:\/\/i0.wp.com\/tps-trauma.org\/wp-content\/uploads\/2024\/01\/23-10-VV-niveau-2-photo-1-floutee-scaled-1.webp?resize=300%2C188&amp;ssl=1 300w, https:\/\/i0.wp.com\/tps-trauma.org\/wp-content\/uploads\/2024\/01\/23-10-VV-niveau-2-photo-1-floutee-scaled-1.webp?resize=768%2C480&amp;ssl=1 768w, https:\/\/i0.wp.com\/tps-trauma.org\/wp-content\/uploads\/2024\/01\/23-10-VV-niveau-2-photo-1-floutee-scaled-1.webp?w=1080&amp;ssl=1 1080w\" sizes=\"auto, (max-width: 767px) 89vw, (max-width: 1000px) 54vw, (max-width: 1071px) 543px, 580px\" \/><\/figure>\n\n\n\n<p class=\"wp-block-paragraph\">Pour plus de renseignements et pour vous inscrire :<\/p>\n\n\n\n<p class=\"wp-block-paragraph\"><a href=\"https:\/\/tps-formations.fr\/\" target=\"_blank\" rel=\"noreferrer noopener\">https:\/\/tps-formations.fr\/<\/a><\/p>\n<a href=\"https:\/\/tps-trauma.org\/index.php\/2024\/01\/12\/les-formations-en-2023\/\" title=\"Continuer la lecture &rarr;\">Continuer la lecture &rarr;<\/a><\/div><\/li><li><a href=\"https:\/\/tps-trauma.org\/index.php\/2022\/12\/02\/novembre-2022-pratique-de-la-tps-niveau-ii-2\/\">NOVEMBRE 2022 &#8211; Pratique de la TPS &#8211; Niveau II+<\/a><div class=\"lcp_content\">\n<p class=\"wp-block-paragraph\">Approfondissement et retour d&rsquo;exp\u00e9rience<\/p>\n\n\n\n<figure class=\"wp-block-image size-large\"><img data-recalc-dims=\"1\" loading=\"lazy\" decoding=\"async\" width=\"525\" height=\"263\" data-attachment-id=\"2927\" data-permalink=\"https:\/\/tps-trauma.org\/index.php\/2022\/12\/02\/novembre-2022-pratique-de-la-tps-niveau-ii-2\/20221119_104532\/\" data-orig-file=\"https:\/\/i0.wp.com\/tps-trauma.org\/wp-content\/uploads\/2022\/12\/20221119_104532-scaled.jpg?fit=2560%2C1282&amp;ssl=1\" data-orig-size=\"2560,1282\" data-comments-opened=\"1\" data-image-meta=\"{&quot;aperture&quot;:&quot;2.2&quot;,&quot;credit&quot;:&quot;&quot;,&quot;camera&quot;:&quot;SM-A505FN&quot;,&quot;caption&quot;:&quot;&quot;,&quot;created_timestamp&quot;:&quot;1668854733&quot;,&quot;copyright&quot;:&quot;&quot;,&quot;focal_length&quot;:&quot;1.42&quot;,&quot;iso&quot;:&quot;160&quot;,&quot;shutter_speed&quot;:&quot;0.02&quot;,&quot;title&quot;:&quot;&quot;,&quot;orientation&quot;:&quot;0&quot;}\" data-image-title=\"20221119_104532\" data-image-description=\"\" data-image-caption=\"\" data-large-file=\"https:\/\/i0.wp.com\/tps-trauma.org\/wp-content\/uploads\/2022\/12\/20221119_104532-scaled.jpg?fit=525%2C263&amp;ssl=1\" src=\"https:\/\/i0.wp.com\/tps-trauma.org\/wp-content\/uploads\/2022\/12\/20221119_104532.jpg?resize=525%2C263&#038;ssl=1\" alt=\"\" class=\"wp-image-2927\" srcset=\"https:\/\/i0.wp.com\/tps-trauma.org\/wp-content\/uploads\/2022\/12\/20221119_104532-scaled.jpg?resize=1024%2C513&amp;ssl=1 1024w, https:\/\/i0.wp.com\/tps-trauma.org\/wp-content\/uploads\/2022\/12\/20221119_104532-scaled.jpg?resize=300%2C150&amp;ssl=1 300w, https:\/\/i0.wp.com\/tps-trauma.org\/wp-content\/uploads\/2022\/12\/20221119_104532-scaled.jpg?resize=768%2C385&amp;ssl=1 768w, https:\/\/i0.wp.com\/tps-trauma.org\/wp-content\/uploads\/2022\/12\/20221119_104532-scaled.jpg?resize=1536%2C769&amp;ssl=1 1536w, https:\/\/i0.wp.com\/tps-trauma.org\/wp-content\/uploads\/2022\/12\/20221119_104532-scaled.jpg?resize=2048%2C1026&amp;ssl=1 2048w\" sizes=\"auto, (max-width: 767px) 89vw, (max-width: 1000px) 54vw, (max-width: 1071px) 543px, 580px\" \/><\/figure>\n\n\n\n<p class=\"wp-block-paragraph\">Cette formation s&rsquo;est adress\u00e9e aux participants ayant d\u00e9j\u00e0 valid\u00e9 la formation de Niveau II en mai 2022. Pendant ces deux jours, ils ont pu pr\u00e9senter les prises en charges par TPS qu&rsquo;ils avaient r\u00e9alis\u00e9es. Le travail en supervision a permis de valider leur nouvelle pratique et de constater la solidit\u00e9 de leurs acquis.<\/p>\n<a href=\"https:\/\/tps-trauma.org\/index.php\/2022\/12\/02\/novembre-2022-pratique-de-la-tps-niveau-ii-2\/\" title=\"Continuer la lecture &rarr;\">Continuer la lecture &rarr;<\/a><\/div><\/li><li><a href=\"https:\/\/tps-trauma.org\/index.php\/2022\/12\/02\/novembre-2022-competence-en-psycho-traumatologie-niveau-i\/\">NOVEMBRE 2022 &#8211; Comp\u00e9tence en psycho-traumatologie &#8211; Niveau I<\/a><div class=\"lcp_content\">\n<p class=\"wp-block-paragraph\">Une session de formation de niveau I s&rsquo;est d\u00e9roul\u00e9e du 14 au 16 novembre 2022 \u00e0 Montpellier. Elle concernait des \u00e9tudiants inscris de fa\u00e7on individuelle. Les journ\u00e9es ont \u00e9t\u00e9s tr\u00e8s riches et ont suscit\u00e9 beaucoup d&rsquo;int\u00e9r\u00eat. Les cas cliniques vus en vid\u00e9o ont permis aux stagiaires de percevoir comment d\u00e9celer si une personne est victime de stress ou de psycho-traumatisme et de d\u00e9couvrir la TPS.<\/p>\n<a href=\"https:\/\/tps-trauma.org\/index.php\/2022\/12\/02\/novembre-2022-competence-en-psycho-traumatologie-niveau-i\/\" title=\"Continuer la lecture &rarr;\">Continuer la lecture &rarr;<\/a><\/div><\/li><li><a href=\"https:\/\/tps-trauma.org\/index.php\/2022\/12\/02\/novembre-2022-pratique-de-la-tps-niveau-ii\/\">Novembre 2022 &#8211; Pratique de la TPS &#8211; Niveau II<\/a><div class=\"lcp_content\">\n<p class=\"wp-block-paragraph\">Du 28 au 30 novembre s\u2019est tenue \u00e0 Montpellier une session de formation : \u00ab Pratique de la Th\u00e9rapie Psycho-Sensorielle \u00bb pour le niveau 2.<\/p>\n\n\n\n<p class=\"wp-block-paragraph\">Pendant 3 jours les stagiaires ont approfondi leur connaissance du psycho-trauma et appris \u00e0 utiliser la m\u00e9thode du Dr L\u00e9n\u00e8s.<\/p>\n\n\n\n<p class=\"wp-block-paragraph\">Avec l\u2019\u00e9tude de cas cliniques et les questions tr\u00e8s pertinentes sur des cas concrets rencontr\u00e9s en cabinet par ces professionnels, le Docteur Marie-Claude L\u00e9n\u00e8s, inventeure de la TPS, a pu enrichir les connaissances acquises au premier niveau et d\u00e9livrer un outil concret de traitement du psycho-traumatisme.<\/p>\n\n\n\n<p class=\"wp-block-paragraph\">\u00c0 l\u2019issue de la formation, tous ont valid\u00e9 leur certificat \u00ab Pratique de la Th\u00e9rapie Psycho-Sensorielle \u00bb.<\/p>\n\n\n\n<figure class=\"wp-block-image size-large\"><img data-recalc-dims=\"1\" loading=\"lazy\" decoding=\"async\" width=\"525\" height=\"369\" data-attachment-id=\"2921\" data-permalink=\"https:\/\/tps-trauma.org\/index.php\/2022\/12\/02\/novembre-2022-pratique-de-la-tps-niveau-ii\/20221129_091634\/\" data-orig-file=\"https:\/\/i0.wp.com\/tps-trauma.org\/wp-content\/uploads\/2022\/12\/20221129_091634-scaled.jpg?fit=2560%2C1800&amp;ssl=1\" data-orig-size=\"2560,1800\" data-comments-opened=\"1\" data-image-meta=\"{&quot;aperture&quot;:&quot;1.7&quot;,&quot;credit&quot;:&quot;&quot;,&quot;camera&quot;:&quot;SM-A505FN&quot;,&quot;caption&quot;:&quot;&quot;,&quot;created_timestamp&quot;:&quot;1669713394&quot;,&quot;copyright&quot;:&quot;&quot;,&quot;focal_length&quot;:&quot;3.93&quot;,&quot;iso&quot;:&quot;64&quot;,&quot;shutter_speed&quot;:&quot;0.01&quot;,&quot;title&quot;:&quot;&quot;,&quot;orientation&quot;:&quot;0&quot;}\" data-image-title=\"20221129_091634\" data-image-description=\"\" data-image-caption=\"\" data-large-file=\"https:\/\/i0.wp.com\/tps-trauma.org\/wp-content\/uploads\/2022\/12\/20221129_091634-scaled.jpg?fit=525%2C369&amp;ssl=1\" src=\"https:\/\/i0.wp.com\/tps-trauma.org\/wp-content\/uploads\/2022\/12\/20221129_091634.jpg?resize=525%2C369&#038;ssl=1\" alt=\"\" class=\"wp-image-2921\" srcset=\"https:\/\/i0.wp.com\/tps-trauma.org\/wp-content\/uploads\/2022\/12\/20221129_091634-scaled.jpg?resize=1024%2C720&amp;ssl=1 1024w, https:\/\/i0.wp.com\/tps-trauma.org\/wp-content\/uploads\/2022\/12\/20221129_091634-scaled.jpg?resize=300%2C211&amp;ssl=1 300w, https:\/\/i0.wp.com\/tps-trauma.org\/wp-content\/uploads\/2022\/12\/20221129_091634-scaled.jpg?resize=768%2C540&amp;ssl=1 768w, https:\/\/i0.wp.com\/tps-trauma.org\/wp-content\/uploads\/2022\/12\/20221129_091634-scaled.jpg?resize=1536%2C1080&amp;ssl=1 1536w, https:\/\/i0.wp.com\/tps-trauma.org\/wp-content\/uploads\/2022\/12\/20221129_091634-scaled.jpg?resize=2048%2C1440&amp;ssl=1 2048w\" sizes=\"auto, (max-width: 767px) 89vw, (max-width: 1000px) 54vw, (max-width: 1071px) 543px, 580px\" \/><\/figure>\n<a href=\"https:\/\/tps-trauma.org\/index.php\/2022\/12\/02\/novembre-2022-pratique-de-la-tps-niveau-ii\/\" title=\"Continuer la lecture &rarr;\">Continuer la lecture &rarr;<\/a><\/div><\/li><li><a href=\"https:\/\/tps-trauma.org\/index.php\/2022\/11\/13\/octobre-2022-competence-en-psycho-traumatologie\/\">Octobre 2022 &#8211; Comp\u00e9tence en psycho-traumatologie<\/a><div class=\"lcp_content\">\n<figure class=\"wp-block-image size-large\"><img data-recalc-dims=\"1\" loading=\"lazy\" decoding=\"async\" width=\"525\" height=\"779\" data-attachment-id=\"2910\" data-permalink=\"https:\/\/tps-trauma.org\/index.php\/2022\/11\/13\/octobre-2022-competence-en-psycho-traumatologie\/formation-vv-octobre-2022-690x1024-1\/\" data-orig-file=\"https:\/\/i0.wp.com\/tps-trauma.org\/wp-content\/uploads\/2022\/11\/formation-VV-octobre-2022-690x1024-1.png?fit=690%2C1024&amp;ssl=1\" data-orig-size=\"690,1024\" data-comments-opened=\"1\" data-image-meta=\"{&quot;aperture&quot;:&quot;0&quot;,&quot;credit&quot;:&quot;&quot;,&quot;camera&quot;:&quot;&quot;,&quot;caption&quot;:&quot;&quot;,&quot;created_timestamp&quot;:&quot;0&quot;,&quot;copyright&quot;:&quot;&quot;,&quot;focal_length&quot;:&quot;0&quot;,&quot;iso&quot;:&quot;0&quot;,&quot;shutter_speed&quot;:&quot;0&quot;,&quot;title&quot;:&quot;&quot;,&quot;orientation&quot;:&quot;0&quot;}\" data-image-title=\"formation-VV-octobre-2022-690&amp;#215;1024-1\" data-image-description=\"\" data-image-caption=\"\" data-large-file=\"https:\/\/i0.wp.com\/tps-trauma.org\/wp-content\/uploads\/2022\/11\/formation-VV-octobre-2022-690x1024-1.png?fit=525%2C779&amp;ssl=1\" src=\"https:\/\/i0.wp.com\/tps-trauma.org\/wp-content\/uploads\/2022\/11\/formation-VV-octobre-2022-690x1024-1.png?resize=525%2C779&#038;ssl=1\" alt=\"\" class=\"wp-image-2910\" srcset=\"https:\/\/i0.wp.com\/tps-trauma.org\/wp-content\/uploads\/2022\/11\/formation-VV-octobre-2022-690x1024-1.png?resize=674%2C1000&amp;ssl=1 674w, https:\/\/i0.wp.com\/tps-trauma.org\/wp-content\/uploads\/2022\/11\/formation-VV-octobre-2022-690x1024-1.png?resize=202%2C300&amp;ssl=1 202w, https:\/\/i0.wp.com\/tps-trauma.org\/wp-content\/uploads\/2022\/11\/formation-VV-octobre-2022-690x1024-1.png?w=690&amp;ssl=1 690w\" sizes=\"auto, (max-width: 525px) 100vw, 525px\" \/><\/figure>\n\n\n\n<p class=\"wp-block-paragraph\">Une nouvelle session de formation : \u00ab\u00a0COMP\u00c9TENCE EN PSYCHO-TRAUMATOLOGIE\u00a0\u00bb, niveau 1, a \u00e9t\u00e9 r\u00e9alis\u00e9e du 13 au 15 octobre 2022. Organis\u00e9e \u00e0 la demande de l\u2019Association Via Voltaire, elle a concern\u00e9 11 psychologues travaillant dans cette association.<\/p>\n\n\n\n<p class=\"wp-block-paragraph\">Lors de ces 3 jours les stagiaires ont appris les m\u00e9canismes et les diff\u00e9rences entre le stress et le psycho-trauma.<\/p>\n\n\n\n<p class=\"wp-block-paragraph\">Le travail pratique \u00e0 partir des cas cliniques vid\u00e9o leur a permis d\u2019apprendre comment d\u00e9celer si une personne est victime de stress ou de psycho-traumatisme et de d\u00e9couvrir la m\u00e9thode de traitement du psycho-trauma par la Th\u00e9rapie Psycho-Sensorielle.<\/p>\n\n\n\n<p class=\"wp-block-paragraph\">Ces journ\u00e9es, anim\u00e9es par le Docteur Marie-Claude L\u00e9n\u00e8s, inventeure de la TPS, ont \u00e9t\u00e9 tr\u00e8s riches et ont suscit\u00e9 beaucoup d\u2019int\u00e9r\u00eat.<\/p>\n\n\n\n<p class=\"wp-block-paragraph\">Tous les stagiaires ont valid\u00e9 leur dipl\u00f4me \u00ab\u00a0Comp\u00e9tence en Psycho-Traumatologie\u00a0\u00bb, \u00e0 l\u2019issue de l\u2019examen de contr\u00f4le final.<\/p>\n<a href=\"https:\/\/tps-trauma.org\/index.php\/2022\/11\/13\/octobre-2022-competence-en-psycho-traumatologie\/\" title=\"Continuer la lecture &rarr;\">Continuer la lecture &rarr;<\/a><\/div><\/li><li><a href=\"https:\/\/tps-trauma.org\/index.php\/2022\/11\/13\/mai-2022-formation-via-voltaire\/\">MAI 2022 &#8211; Formation Via Voltaire<\/a><div class=\"lcp_content\"><div class=\"wp-block-image\">\n<figure class=\"aligncenter size-large\"><img data-recalc-dims=\"1\" loading=\"lazy\" decoding=\"async\" width=\"525\" height=\"394\" data-attachment-id=\"2915\" data-permalink=\"https:\/\/tps-trauma.org\/index.php\/2022\/11\/13\/mai-2022-formation-via-voltaire\/2022-05-via-voltaire-1\/\" data-orig-file=\"https:\/\/i0.wp.com\/tps-trauma.org\/wp-content\/uploads\/2022\/11\/2022-05-Via-Voltaire-1-scaled.jpg?fit=2560%2C1920&amp;ssl=1\" data-orig-size=\"2560,1920\" data-comments-opened=\"1\" data-image-meta=\"{&quot;aperture&quot;:&quot;0&quot;,&quot;credit&quot;:&quot;&quot;,&quot;camera&quot;:&quot;&quot;,&quot;caption&quot;:&quot;&quot;,&quot;created_timestamp&quot;:&quot;0&quot;,&quot;copyright&quot;:&quot;&quot;,&quot;focal_length&quot;:&quot;0&quot;,&quot;iso&quot;:&quot;0&quot;,&quot;shutter_speed&quot;:&quot;0&quot;,&quot;title&quot;:&quot;&quot;,&quot;orientation&quot;:&quot;0&quot;}\" data-image-title=\"2022-05-Via-Voltaire-1\" data-image-description=\"\" data-image-caption=\"\" data-large-file=\"https:\/\/i0.wp.com\/tps-trauma.org\/wp-content\/uploads\/2022\/11\/2022-05-Via-Voltaire-1-scaled.jpg?fit=525%2C394&amp;ssl=1\" src=\"https:\/\/i0.wp.com\/tps-trauma.org\/wp-content\/uploads\/2022\/11\/2022-05-Via-Voltaire-1.jpg?resize=525%2C394&#038;ssl=1\" alt=\"\" class=\"wp-image-2915\" srcset=\"https:\/\/i0.wp.com\/tps-trauma.org\/wp-content\/uploads\/2022\/11\/2022-05-Via-Voltaire-1-scaled.jpg?resize=1024%2C768&amp;ssl=1 1024w, https:\/\/i0.wp.com\/tps-trauma.org\/wp-content\/uploads\/2022\/11\/2022-05-Via-Voltaire-1-scaled.jpg?resize=300%2C225&amp;ssl=1 300w, https:\/\/i0.wp.com\/tps-trauma.org\/wp-content\/uploads\/2022\/11\/2022-05-Via-Voltaire-1-scaled.jpg?resize=768%2C576&amp;ssl=1 768w, https:\/\/i0.wp.com\/tps-trauma.org\/wp-content\/uploads\/2022\/11\/2022-05-Via-Voltaire-1-scaled.jpg?resize=1536%2C1152&amp;ssl=1 1536w, https:\/\/i0.wp.com\/tps-trauma.org\/wp-content\/uploads\/2022\/11\/2022-05-Via-Voltaire-1-scaled.jpg?resize=2048%2C1536&amp;ssl=1 2048w\" sizes=\"auto, (max-width: 767px) 89vw, (max-width: 1000px) 54vw, (max-width: 1071px) 543px, 580px\" \/><\/figure>\n<\/div>\n\n\n<p class=\"wp-block-paragraph\">TPS Formations est intervenu les 12, 13 et 14 mai 2022 pour 3 journ\u00e9es de formation \u00e0 la Pratique de la Th\u00e9rapie Psycho-Sensorielle.<br>Cette formation de niveau 2, organis\u00e9e \u00e0 la demande de l\u2019Association Via Voltaire de Montpellier, a eu lieu en intra. Dix psychologues cliniciens travaillant en lien avec Via Voltaire y ont particip\u00e9.<br>R\u00e9guli\u00e8rement confront\u00e9s dans leur pratique quotidienne \u00e0 des victimes de violences r\u00e9centes ou anciennes, ces psychologues se sentaient d\u00e9munis face aux cons\u00e9quences personnelles, familiales, sociales\u2026 des diverses violences.<br>Ces trois journ\u00e9es de formation clinique assur\u00e9es par le docteur Marie-Claude L\u00e9n\u00e8s, assist\u00e9e de Marie Nebout semblent avoir pleinement r\u00e9pondu aux attentes si l\u2019on en juge par les retours des questionnaires de satisfaction.<br>Les pr\u00e9sentations th\u00e9oriques et cliniques ont trouv\u00e9 un \u00e9cho dans les cas concrets que rencontrent ces psychologues dans leurs structures respectives. Les \u00e9changes ont \u00e9t\u00e9 riches et nombreux.<br>Les participants ont acquis un savoir et un savoir faire qui va leur permettre de d\u00e9tecter les traumatismes psychiques, de les \u00e9valuer et de mettre en \u0153uvre la s\u00e9ance de Th\u00e9rapie Psycho-Sensorielle.<br>La TPS amorce tr\u00e8s rapidement la sortie de crise et la r\u00e9solution des troubles comportementaux post-traumatiques. Elle sera donc un outil pr\u00e9cieux et efficace dans la conduite de leur accompagnement psychologique des personnes en souffrance.<\/p>\n\n\n<div class=\"wp-block-image\">\n<figure class=\"aligncenter size-large\"><img data-recalc-dims=\"1\" loading=\"lazy\" decoding=\"async\" width=\"525\" height=\"394\" data-attachment-id=\"2916\" data-permalink=\"https:\/\/tps-trauma.org\/index.php\/2022\/11\/13\/mai-2022-formation-via-voltaire\/2022-05-via-voltaire-2\/\" data-orig-file=\"https:\/\/i0.wp.com\/tps-trauma.org\/wp-content\/uploads\/2022\/11\/2022-05-Via-Voltaire-2-scaled.jpg?fit=2560%2C1920&amp;ssl=1\" data-orig-size=\"2560,1920\" data-comments-opened=\"1\" data-image-meta=\"{&quot;aperture&quot;:&quot;0&quot;,&quot;credit&quot;:&quot;&quot;,&quot;camera&quot;:&quot;&quot;,&quot;caption&quot;:&quot;&quot;,&quot;created_timestamp&quot;:&quot;0&quot;,&quot;copyright&quot;:&quot;&quot;,&quot;focal_length&quot;:&quot;0&quot;,&quot;iso&quot;:&quot;0&quot;,&quot;shutter_speed&quot;:&quot;0&quot;,&quot;title&quot;:&quot;&quot;,&quot;orientation&quot;:&quot;0&quot;}\" data-image-title=\"2022-05-Via-Voltaire-2\" data-image-description=\"\" data-image-caption=\"\" data-large-file=\"https:\/\/i0.wp.com\/tps-trauma.org\/wp-content\/uploads\/2022\/11\/2022-05-Via-Voltaire-2-scaled.jpg?fit=525%2C394&amp;ssl=1\" src=\"https:\/\/i0.wp.com\/tps-trauma.org\/wp-content\/uploads\/2022\/11\/2022-05-Via-Voltaire-2.jpg?resize=525%2C394&#038;ssl=1\" alt=\"\" class=\"wp-image-2916\" srcset=\"https:\/\/i0.wp.com\/tps-trauma.org\/wp-content\/uploads\/2022\/11\/2022-05-Via-Voltaire-2-scaled.jpg?resize=1024%2C768&amp;ssl=1 1024w, https:\/\/i0.wp.com\/tps-trauma.org\/wp-content\/uploads\/2022\/11\/2022-05-Via-Voltaire-2-scaled.jpg?resize=300%2C225&amp;ssl=1 300w, https:\/\/i0.wp.com\/tps-trauma.org\/wp-content\/uploads\/2022\/11\/2022-05-Via-Voltaire-2-scaled.jpg?resize=768%2C576&amp;ssl=1 768w, https:\/\/i0.wp.com\/tps-trauma.org\/wp-content\/uploads\/2022\/11\/2022-05-Via-Voltaire-2-scaled.jpg?resize=1536%2C1152&amp;ssl=1 1536w, https:\/\/i0.wp.com\/tps-trauma.org\/wp-content\/uploads\/2022\/11\/2022-05-Via-Voltaire-2-scaled.jpg?resize=2048%2C1536&amp;ssl=1 2048w\" sizes=\"auto, (max-width: 767px) 89vw, (max-width: 1000px) 54vw, (max-width: 1071px) 543px, 580px\" \/><\/figure>\n<\/div><a href=\"https:\/\/tps-trauma.org\/index.php\/2022\/11\/13\/mai-2022-formation-via-voltaire\/\" title=\"Continuer la lecture &rarr;\">Continuer la lecture &rarr;<\/a><\/div><\/li><li><a href=\"https:\/\/tps-trauma.org\/index.php\/2022\/06\/15\/journees-fnesaa-mende-19-20-mai-2022\/\">Journ\u00e9es FNESAA &#8211; Mende &#8211; 19 &#038; 20 mai 2022<\/a><div class=\"lcp_content\">\n<p class=\"wp-block-paragraph\">Les Journ\u00e9es Annuelles de la F\u00e9d\u00e9ration Nationale des \u00c9tablissements de Soins et Accompagnement en Addictologie ont \u00e9t\u00e9 organis\u00e9es par l&rsquo;\u00e9tablissement sp\u00e9cialis\u00e9 du Ch\u00e2teau du Boy et se sont d\u00e9roul\u00e9es \u00e0 Mende (48000).<\/p>\n\n\n\n<p class=\"wp-block-paragraph\">Th\u00e8me de ces Journ\u00e9es : <\/p>\n\n\n\n<p class=\"has-text-align-center wp-block-paragraph\"><strong>Corps et addictions, les enjeux psychocorporels en addictologie<\/strong><\/p>\n\n\n<div class=\"wp-block-image is-style-default\">\n<figure class=\"aligncenter size-large\"><img data-recalc-dims=\"1\" loading=\"lazy\" decoding=\"async\" width=\"525\" height=\"236\" data-attachment-id=\"2860\" data-permalink=\"https:\/\/tps-trauma.org\/index.php\/2022\/06\/15\/journees-fnesaa-mende-19-20-mai-2022\/20220519_091451\/\" data-orig-file=\"https:\/\/i0.wp.com\/tps-trauma.org\/wp-content\/uploads\/2022\/06\/20220519_091451-scaled.jpg?fit=2560%2C1152&amp;ssl=1\" data-orig-size=\"2560,1152\" data-comments-opened=\"1\" data-image-meta=\"{&quot;aperture&quot;:&quot;1.8&quot;,&quot;credit&quot;:&quot;&quot;,&quot;camera&quot;:&quot;SM-G998B&quot;,&quot;caption&quot;:&quot;&quot;,&quot;created_timestamp&quot;:&quot;1652951691&quot;,&quot;copyright&quot;:&quot;&quot;,&quot;focal_length&quot;:&quot;6.7&quot;,&quot;iso&quot;:&quot;320&quot;,&quot;shutter_speed&quot;:&quot;0.01&quot;,&quot;title&quot;:&quot;&quot;,&quot;orientation&quot;:&quot;1&quot;}\" data-image-title=\"20220519_091451\" data-image-description=\"\" data-image-caption=\"\" data-large-file=\"https:\/\/i0.wp.com\/tps-trauma.org\/wp-content\/uploads\/2022\/06\/20220519_091451-scaled.jpg?fit=525%2C236&amp;ssl=1\" src=\"https:\/\/i0.wp.com\/tps-trauma.org\/wp-content\/uploads\/2022\/06\/20220519_091451.jpg?resize=525%2C236&#038;ssl=1\" alt=\"\" class=\"wp-image-2860\" srcset=\"https:\/\/i0.wp.com\/tps-trauma.org\/wp-content\/uploads\/2022\/06\/20220519_091451-scaled.jpg?resize=1024%2C461&amp;ssl=1 1024w, https:\/\/i0.wp.com\/tps-trauma.org\/wp-content\/uploads\/2022\/06\/20220519_091451-scaled.jpg?resize=300%2C135&amp;ssl=1 300w, https:\/\/i0.wp.com\/tps-trauma.org\/wp-content\/uploads\/2022\/06\/20220519_091451-scaled.jpg?resize=768%2C346&amp;ssl=1 768w, https:\/\/i0.wp.com\/tps-trauma.org\/wp-content\/uploads\/2022\/06\/20220519_091451-scaled.jpg?resize=1536%2C691&amp;ssl=1 1536w, https:\/\/i0.wp.com\/tps-trauma.org\/wp-content\/uploads\/2022\/06\/20220519_091451-scaled.jpg?resize=2048%2C922&amp;ssl=1 2048w\" sizes=\"auto, (max-width: 767px) 89vw, (max-width: 1000px) 54vw, (max-width: 1071px) 543px, 580px\" \/><figcaption>Ouverture des Journ\u00e9es par monsieur Michel MORIN, Pr\u00e9sident de la FNESAA et monsieur St\u00e9phane RIBAUT repr\u00e9sentant de l&rsquo;ARS Occitanie en pr\u00e9sence de mesdames Sylvie BON et Nathalie NURIT, co-directrices du SSRA du Boy.<\/figcaption><\/figure>\n<\/div>\n\n<div class=\"wp-block-image is-style-default\">\n<figure class=\"aligncenter size-large\"><img data-recalc-dims=\"1\" loading=\"lazy\" decoding=\"async\" width=\"525\" height=\"236\" data-attachment-id=\"2861\" data-permalink=\"https:\/\/tps-trauma.org\/index.php\/2022\/06\/15\/journees-fnesaa-mende-19-20-mai-2022\/20220519_091430\/\" data-orig-file=\"https:\/\/i0.wp.com\/tps-trauma.org\/wp-content\/uploads\/2022\/06\/20220519_091430-scaled.jpg?fit=2560%2C1152&amp;ssl=1\" data-orig-size=\"2560,1152\" data-comments-opened=\"1\" data-image-meta=\"{&quot;aperture&quot;:&quot;2.2&quot;,&quot;credit&quot;:&quot;&quot;,&quot;camera&quot;:&quot;SM-G998B&quot;,&quot;caption&quot;:&quot;&quot;,&quot;created_timestamp&quot;:&quot;1652951671&quot;,&quot;copyright&quot;:&quot;&quot;,&quot;focal_length&quot;:&quot;2.2&quot;,&quot;iso&quot;:&quot;400&quot;,&quot;shutter_speed&quot;:&quot;0.02&quot;,&quot;title&quot;:&quot;&quot;,&quot;orientation&quot;:&quot;1&quot;}\" data-image-title=\"20220519_091430\" data-image-description=\"\" data-image-caption=\"\" data-large-file=\"https:\/\/i0.wp.com\/tps-trauma.org\/wp-content\/uploads\/2022\/06\/20220519_091430-scaled.jpg?fit=525%2C236&amp;ssl=1\" src=\"https:\/\/i0.wp.com\/tps-trauma.org\/wp-content\/uploads\/2022\/06\/20220519_091430.jpg?resize=525%2C236&#038;ssl=1\" alt=\"\" class=\"wp-image-2861\" srcset=\"https:\/\/i0.wp.com\/tps-trauma.org\/wp-content\/uploads\/2022\/06\/20220519_091430-scaled.jpg?resize=1024%2C461&amp;ssl=1 1024w, https:\/\/i0.wp.com\/tps-trauma.org\/wp-content\/uploads\/2022\/06\/20220519_091430-scaled.jpg?resize=300%2C135&amp;ssl=1 300w, https:\/\/i0.wp.com\/tps-trauma.org\/wp-content\/uploads\/2022\/06\/20220519_091430-scaled.jpg?resize=768%2C346&amp;ssl=1 768w, https:\/\/i0.wp.com\/tps-trauma.org\/wp-content\/uploads\/2022\/06\/20220519_091430-scaled.jpg?resize=1536%2C691&amp;ssl=1 1536w, https:\/\/i0.wp.com\/tps-trauma.org\/wp-content\/uploads\/2022\/06\/20220519_091430-scaled.jpg?resize=2048%2C922&amp;ssl=1 2048w\" sizes=\"auto, (max-width: 767px) 89vw, (max-width: 1000px) 54vw, (max-width: 1071px) 543px, 580px\" \/><\/figure>\n<\/div>\n\n<div class=\"wp-block-image is-style-default\">\n<figure class=\"aligncenter size-full\"><img loading=\"lazy\" decoding=\"async\" width=\"2016\" height=\"1512\" data-attachment-id=\"2862\" data-permalink=\"https:\/\/tps-trauma.org\/index.php\/2022\/06\/15\/journees-fnesaa-mende-19-20-mai-2022\/whatsapp-image-2022-06-15-at-16-04-02\/\" data-orig-file=\"https:\/\/i0.wp.com\/tps-trauma.org\/wp-content\/uploads\/2022\/06\/WhatsApp-Image-2022-06-15-at-16.04.02.jpeg?fit=2016%2C1512&amp;ssl=1\" data-orig-size=\"2016,1512\" data-comments-opened=\"1\" data-image-meta=\"{&quot;aperture&quot;:&quot;0&quot;,&quot;credit&quot;:&quot;&quot;,&quot;camera&quot;:&quot;&quot;,&quot;caption&quot;:&quot;&quot;,&quot;created_timestamp&quot;:&quot;0&quot;,&quot;copyright&quot;:&quot;&quot;,&quot;focal_length&quot;:&quot;0&quot;,&quot;iso&quot;:&quot;0&quot;,&quot;shutter_speed&quot;:&quot;0&quot;,&quot;title&quot;:&quot;&quot;,&quot;orientation&quot;:&quot;0&quot;}\" data-image-title=\"WhatsApp-Image-2022-06-15-at-16.04.02\" data-image-description=\"\" data-image-caption=\"\" data-large-file=\"https:\/\/i0.wp.com\/tps-trauma.org\/wp-content\/uploads\/2022\/06\/WhatsApp-Image-2022-06-15-at-16.04.02.jpeg?fit=525%2C394&amp;ssl=1\" src=\"https:\/\/i0.wp.com\/tps-trauma.org\/wp-content\/uploads\/2022\/06\/WhatsApp-Image-2022-06-15-at-16.04.02.jpeg?fit=2016%2C1512&amp;ssl=1\" alt=\"\" class=\"wp-image-2862\" srcset=\"https:\/\/i0.wp.com\/tps-trauma.org\/wp-content\/uploads\/2022\/06\/WhatsApp-Image-2022-06-15-at-16.04.02.jpeg?w=2016&amp;ssl=1 2016w, https:\/\/i0.wp.com\/tps-trauma.org\/wp-content\/uploads\/2022\/06\/WhatsApp-Image-2022-06-15-at-16.04.02.jpeg?resize=300%2C225&amp;ssl=1 300w, https:\/\/i0.wp.com\/tps-trauma.org\/wp-content\/uploads\/2022\/06\/WhatsApp-Image-2022-06-15-at-16.04.02.jpeg?resize=1024%2C768&amp;ssl=1 1024w, https:\/\/i0.wp.com\/tps-trauma.org\/wp-content\/uploads\/2022\/06\/WhatsApp-Image-2022-06-15-at-16.04.02.jpeg?resize=768%2C576&amp;ssl=1 768w, https:\/\/i0.wp.com\/tps-trauma.org\/wp-content\/uploads\/2022\/06\/WhatsApp-Image-2022-06-15-at-16.04.02.jpeg?resize=1536%2C1152&amp;ssl=1 1536w\" sizes=\"auto, (max-width: 767px) 89vw, (max-width: 1000px) 54vw, (max-width: 1071px) 543px, 580px\" \/><figcaption>Intervention du docteur Marie-Claude L\u00e9n\u00e8s sur le psycho-trauma et son traitement par la Th\u00e9rapie Psycho-Sensorielle<br>Certaines addictions pouvant survenir apr\u00e8s un trauma psychique les participants ont \u00e9t\u00e9s tr\u00e8s int\u00e9ress\u00e9s par l&rsquo;apport de la TPS dans leur pratique.<br><\/figcaption><\/figure>\n<\/div><a href=\"https:\/\/tps-trauma.org\/index.php\/2022\/06\/15\/journees-fnesaa-mende-19-20-mai-2022\/\" title=\"Continuer la lecture &rarr;\">Continuer la lecture &rarr;<\/a><\/div><\/li><li><a href=\"https:\/\/tps-trauma.org\/index.php\/2022\/05\/18\/formation-a-montpellier\/\">Formation \u00e0 Montpellier<\/a><div class=\"lcp_content\">\n<p class=\"wp-block-paragraph\">Les 12, 13 et 14 mai 2022, <strong>TPS Formations<\/strong> est intervenu pour assurer trois journ\u00e9es de formation \u00e0 la <strong>Pratique de la Th\u00e9rapie <\/strong><strong>Psycho-Sensorielle<\/strong>.<\/p>\n\n\n\n<p class=\"wp-block-paragraph\">Cette formation de niveau 2 organis\u00e9e \u00e0 la demande de l\u2019<strong>Association Via Voltaire<\/strong> a eu lieu, en intra, dans les locaux de cette association. Dix psychologues cliniciens travaillant en lien avec Via Voltaire y ont particip\u00e9.<\/p>\n\n\n\n<p class=\"wp-block-paragraph\">Ces psychologues r\u00e9guli\u00e8rement confront\u00e9s dans leur pratique quotidienne \u00e0 des victimes de violences r\u00e9centes ou anciennes se sentaient d\u00e9munis face aux cons\u00e9quences personnelles, familiales, sociales\u2026 des diverses violences.<\/p>\n\n\n\n<p class=\"wp-block-paragraph\">Ces trois journ\u00e9es de formation clinique assur\u00e9es par le docteur Marie-Claude L\u00e9n\u00e8s, assist\u00e9e de Marie Nebout semblent avoir pleinement r\u00e9pondu aux attentes si l\u2019on en juge par les retours des questionnaires de satisfaction.<\/p>\n\n\n\n<p class=\"wp-block-paragraph\">Les pr\u00e9sentations th\u00e9oriques et cliniques ont trouv\u00e9 un \u00e9cho dans les cas concrets que rencontrent ces psychologues dans leurs structures respectives. Les \u00e9changes ont \u00e9t\u00e9 riches et nombreux.<\/p>\n\n\n\n<p class=\"wp-block-paragraph\">Les participants ont acquis un savoir et un savoir faire qui va leur permettre de d\u00e9tecter les traumatismes psychiques, de les \u00e9valuer et de mettre en \u0153uvre la s\u00e9ance de Travers\u00e9e Psycho-Sensorielle.<\/p>\n\n\n\n<p class=\"wp-block-paragraph\">La TPS amorce tr\u00e8s rapidement la sortie de crise et la r\u00e9solution des troubles comportementaux post-traumatiques. Elle sera donc un outil pr\u00e9cieux et efficace dans la conduite de leur accompagnement psychologique des personnes en souffrance.<\/p>\n\n\n\n<p class=\"has-text-align-right wp-block-paragraph\">Dr Marie-Claude L\u00c9N\u00c8S<\/p>\n\n\n\n<figure class=\"wp-block-gallery has-nested-images columns-default is-cropped wp-block-gallery-1 is-layout-flex wp-block-gallery-is-layout-flex\">\n<figure class=\"wp-block-image size-large\"><img data-recalc-dims=\"1\" loading=\"lazy\" decoding=\"async\" width=\"525\" height=\"394\" data-attachment-id=\"2846\" data-permalink=\"https:\/\/tps-trauma.org\/index.php\/2022\/05\/18\/formation-a-montpellier\/20220514_101552\/\" data-orig-file=\"https:\/\/i0.wp.com\/tps-trauma.org\/wp-content\/uploads\/2022\/05\/20220514_101552-scaled.jpg?fit=2560%2C1920&amp;ssl=1\" data-orig-size=\"2560,1920\" data-comments-opened=\"1\" data-image-meta=\"{&quot;aperture&quot;:&quot;1.7&quot;,&quot;credit&quot;:&quot;&quot;,&quot;camera&quot;:&quot;SM-A505FN&quot;,&quot;caption&quot;:&quot;&quot;,&quot;created_timestamp&quot;:&quot;1652523353&quot;,&quot;copyright&quot;:&quot;&quot;,&quot;focal_length&quot;:&quot;3.93&quot;,&quot;iso&quot;:&quot;80&quot;,&quot;shutter_speed&quot;:&quot;0.01&quot;,&quot;title&quot;:&quot;&quot;,&quot;orientation&quot;:&quot;1&quot;}\" data-image-title=\"20220514_101552\" data-image-description=\"\" data-image-caption=\"\" data-large-file=\"https:\/\/i0.wp.com\/tps-trauma.org\/wp-content\/uploads\/2022\/05\/20220514_101552-scaled.jpg?fit=525%2C394&amp;ssl=1\" data-id=\"2846\" src=\"https:\/\/i0.wp.com\/tps-trauma.org\/wp-content\/uploads\/2022\/05\/20220514_101552.jpg?resize=525%2C394&#038;ssl=1\" alt=\"\" class=\"wp-image-2846\" srcset=\"https:\/\/i0.wp.com\/tps-trauma.org\/wp-content\/uploads\/2022\/05\/20220514_101552-scaled.jpg?resize=1024%2C768&amp;ssl=1 1024w, https:\/\/i0.wp.com\/tps-trauma.org\/wp-content\/uploads\/2022\/05\/20220514_101552-scaled.jpg?resize=300%2C225&amp;ssl=1 300w, https:\/\/i0.wp.com\/tps-trauma.org\/wp-content\/uploads\/2022\/05\/20220514_101552-scaled.jpg?resize=768%2C576&amp;ssl=1 768w, https:\/\/i0.wp.com\/tps-trauma.org\/wp-content\/uploads\/2022\/05\/20220514_101552-scaled.jpg?resize=1536%2C1152&amp;ssl=1 1536w, https:\/\/i0.wp.com\/tps-trauma.org\/wp-content\/uploads\/2022\/05\/20220514_101552-scaled.jpg?resize=2048%2C1536&amp;ssl=1 2048w\" sizes=\"auto, (max-width: 767px) 89vw, (max-width: 1000px) 54vw, (max-width: 1071px) 543px, 580px\" \/><\/figure>\n\n\n\n<figure class=\"wp-block-image size-large\"><img data-recalc-dims=\"1\" loading=\"lazy\" decoding=\"async\" width=\"525\" height=\"394\" data-attachment-id=\"2845\" data-permalink=\"https:\/\/tps-trauma.org\/index.php\/2022\/05\/18\/formation-a-montpellier\/20220513_143317\/\" data-orig-file=\"https:\/\/i0.wp.com\/tps-trauma.org\/wp-content\/uploads\/2022\/05\/20220513_143317.jpg?fit=960%2C720&amp;ssl=1\" data-orig-size=\"960,720\" data-comments-opened=\"1\" data-image-meta=\"{&quot;aperture&quot;:&quot;1.7&quot;,&quot;credit&quot;:&quot;&quot;,&quot;camera&quot;:&quot;SM-A505FN&quot;,&quot;caption&quot;:&quot;&quot;,&quot;created_timestamp&quot;:&quot;1652452397&quot;,&quot;copyright&quot;:&quot;&quot;,&quot;focal_length&quot;:&quot;3.93&quot;,&quot;iso&quot;:&quot;125&quot;,&quot;shutter_speed&quot;:&quot;0.02&quot;,&quot;title&quot;:&quot;&quot;,&quot;orientation&quot;:&quot;0&quot;}\" data-image-title=\"20220513_143317\" data-image-description=\"\" data-image-caption=\"\" data-large-file=\"https:\/\/i0.wp.com\/tps-trauma.org\/wp-content\/uploads\/2022\/05\/20220513_143317.jpg?fit=525%2C394&amp;ssl=1\" data-id=\"2845\" src=\"https:\/\/i0.wp.com\/tps-trauma.org\/wp-content\/uploads\/2022\/05\/20220513_143317.jpg?resize=525%2C394&#038;ssl=1\" alt=\"\" class=\"wp-image-2845\" srcset=\"https:\/\/i0.wp.com\/tps-trauma.org\/wp-content\/uploads\/2022\/05\/20220513_143317.jpg?w=960&amp;ssl=1 960w, https:\/\/i0.wp.com\/tps-trauma.org\/wp-content\/uploads\/2022\/05\/20220513_143317.jpg?resize=300%2C225&amp;ssl=1 300w, https:\/\/i0.wp.com\/tps-trauma.org\/wp-content\/uploads\/2022\/05\/20220513_143317.jpg?resize=768%2C576&amp;ssl=1 768w\" sizes=\"auto, (max-width: 767px) 89vw, (max-width: 1000px) 54vw, (max-width: 1071px) 543px, 580px\" \/><\/figure>\n<\/figure>\n<a href=\"https:\/\/tps-trauma.org\/index.php\/2022\/05\/18\/formation-a-montpellier\/\" title=\"Continuer la lecture &rarr;\">Continuer la lecture &rarr;<\/a><\/div><\/li><li><a href=\"https:\/\/tps-trauma.org\/index.php\/2021\/09\/20\/interview-pour-le-forum-de-lenfance-libre\/\">Interview pour le Forum de l&rsquo;Enfance Libre<\/a><div class=\"lcp_content\">\n<p class=\"wp-block-paragraph\">Le 20 septembre 2021 le docteur Marie-Claude L\u00e9n\u00e8s a \u00e9t\u00e9 interview\u00e9e par l&rsquo;Association l&rsquo;Enfance Libre, de Mulhouse<\/p>\n\n\n\n<figure class=\"wp-block-image size-full\"><a href=\"https:\/\/tps-trauma.org\/index.php\/2021\/09\/20\/interview-pour-le-forum-de-lenfance-libre\/\" target=\"_blank\" rel=\"https:\/\/www.facebook.com\/plugins\/video.php?height=314&amp;href=https%3A%2F%2Fwww.facebook.com%2Fforumdelenfancelibre%2Fvideos%2F550738932703938%2F&amp;show_text=false&amp;width=560&amp;t=41 noopener\"><img data-recalc-dims=\"1\" loading=\"lazy\" decoding=\"async\" width=\"525\" height=\"289\" data-attachment-id=\"2733\" data-permalink=\"https:\/\/tps-trauma.org\/index.php\/2021\/09\/20\/interview-pour-le-forum-de-lenfance-libre\/le-forum-de-lenfance-libre\/\" data-orig-file=\"https:\/\/i0.wp.com\/tps-trauma.org\/wp-content\/uploads\/2021\/09\/Le-Forum-de-lEnfance-Libre.jpg?fit=708%2C390&amp;ssl=1\" data-orig-size=\"708,390\" data-comments-opened=\"1\" data-image-meta=\"{&quot;aperture&quot;:&quot;0&quot;,&quot;credit&quot;:&quot;&quot;,&quot;camera&quot;:&quot;&quot;,&quot;caption&quot;:&quot;&quot;,&quot;created_timestamp&quot;:&quot;1632153020&quot;,&quot;copyright&quot;:&quot;&quot;,&quot;focal_length&quot;:&quot;0&quot;,&quot;iso&quot;:&quot;0&quot;,&quot;shutter_speed&quot;:&quot;0&quot;,&quot;title&quot;:&quot;&quot;,&quot;orientation&quot;:&quot;1&quot;}\" data-image-title=\"Le Forum de l&amp;rsquo;Enfance Libre\" data-image-description=\"\" data-image-caption=\"\" data-large-file=\"https:\/\/i0.wp.com\/tps-trauma.org\/wp-content\/uploads\/2021\/09\/Le-Forum-de-lEnfance-Libre.jpg?fit=525%2C289&amp;ssl=1\" src=\"https:\/\/i0.wp.com\/tps-trauma.org\/wp-content\/uploads\/2021\/09\/Le-Forum-de-lEnfance-Libre.jpg?resize=525%2C289&#038;ssl=1\" alt=\"\" class=\"wp-image-2733\" srcset=\"https:\/\/i0.wp.com\/tps-trauma.org\/wp-content\/uploads\/2021\/09\/Le-Forum-de-lEnfance-Libre.jpg?w=708&amp;ssl=1 708w, https:\/\/i0.wp.com\/tps-trauma.org\/wp-content\/uploads\/2021\/09\/Le-Forum-de-lEnfance-Libre.jpg?resize=300%2C165&amp;ssl=1 300w\" sizes=\"auto, (max-width: 525px) 100vw, 525px\" \/><\/a><figcaption><a rel=\"noreferrer noopener\" href=\"https:\/\/www.facebook.com\/plugins\/video.php?height=314&amp;href=https%3A%2F%2Fwww.facebook.com%2Fforumdelenfancelibre%2Fvideos%2F550738932703938%2F&amp;show_text=false&amp;width=560&amp;t=0\" target=\"_blank\">https:\/\/www.facebook.com\/plugins\/video.php?height=314&amp;href=https%3A%2F%2Fwww.facebook.com%2Fforumdelenfancelibre%2Fvideos%2F550738932703938%2F&amp;show_text=false&amp;width=560&amp;t=<\/a>41<\/figcaption><\/figure>\n\n\n\n<p class=\"wp-block-paragraph\"><\/p>\n\n\n\n<p class=\"wp-block-paragraph\"><\/p>\n\n\n\n<p class=\"wp-block-paragraph\"><\/p>\n\n\n\n<p class=\"wp-block-paragraph\"><\/p>\n<a href=\"https:\/\/tps-trauma.org\/index.php\/2021\/09\/20\/interview-pour-le-forum-de-lenfance-libre\/\" title=\"Continuer la lecture &rarr;\">Continuer la lecture &rarr;<\/a><\/div><\/li><li><a href=\"https:\/\/tps-trauma.org\/index.php\/2020\/11\/08\/deuxieme-tirage-du-livre\/\">Deuxi\u00e8me tirage du livre<\/a><div class=\"lcp_content\">\n<p class=\"wp-block-paragraph\">Le succ\u00e8s se confirme&#8230; Voici d\u00e9j\u00e0 le deuxi\u00e8me tirage du livre !<\/p>\n\n\n\n<figure class=\"wp-block-image size-large is-resized\"><img loading=\"lazy\" width=\"457\" height=\"669\" data-recalc-dims=\"1\" decoding=\"async\" data-attachment-id=\"2584\" data-permalink=\"https:\/\/tps-trauma.org\/index.php\/le-livre\/1e-de-couverture-2e-tirage\/\" data-orig-file=\"https:\/\/i0.wp.com\/tps-trauma.org\/wp-content\/uploads\/2020\/11\/1e-de-couverture-2e-tirage.jpg?fit=457%2C669&amp;ssl=1\" data-orig-size=\"457,669\" data-comments-opened=\"1\" data-image-meta=\"{&quot;aperture&quot;:&quot;0&quot;,&quot;credit&quot;:&quot;&quot;,&quot;camera&quot;:&quot;&quot;,&quot;caption&quot;:&quot;&quot;,&quot;created_timestamp&quot;:&quot;0&quot;,&quot;copyright&quot;:&quot;&quot;,&quot;focal_length&quot;:&quot;0&quot;,&quot;iso&quot;:&quot;0&quot;,&quot;shutter_speed&quot;:&quot;0&quot;,&quot;title&quot;:&quot;&quot;,&quot;orientation&quot;:&quot;1&quot;}\" data-image-title=\"1e de couverture 2e tirage\" data-image-description=\"\" data-image-caption=\"\" data-large-file=\"https:\/\/i0.wp.com\/tps-trauma.org\/wp-content\/uploads\/2020\/11\/1e-de-couverture-2e-tirage.jpg?fit=457%2C669&amp;ssl=1\" src=\"https:\/\/i0.wp.com\/tps-trauma.org\/wp-content\/uploads\/2020\/11\/1e-de-couverture-2e-tirage.jpg?w=230&#038;ssl=1\" alt=\"\" class=\"wp-image-2584\"  srcset=\"https:\/\/i0.wp.com\/tps-trauma.org\/wp-content\/uploads\/2020\/11\/1e-de-couverture-2e-tirage.jpg?w=457&amp;ssl=1 457w, https:\/\/i0.wp.com\/tps-trauma.org\/wp-content\/uploads\/2020\/11\/1e-de-couverture-2e-tirage.jpg?resize=205%2C300&amp;ssl=1 205w\" sizes=\"auto, (max-width: 457px) 100vw, 457px\" \/><\/figure>\n\n\n\n<p class=\"wp-block-paragraph\">A cette occasion, nous avons l&rsquo;honneur de pouvoir inclure <strong>deux pr\u00e9faces<\/strong> qui nous ont \u00e9t\u00e9 propos\u00e9es apr\u00e8s que leurs auteurs aient lu le livre. Ces textes apportent une v\u00e9ritable caution scientifique \u00e0 l&rsquo;efficacit\u00e9 de la TPS.<\/p>\n\n\n\n<p class=\"wp-block-paragraph\"><strong> &#8211; G\u00e9n\u00e9ral Professeur Louis CROCQ : <\/strong><br>Tous les sp\u00e9cialistes du psycho-trauma le connaissent bien, il a notamment cr\u00e9\u00e9 en 1997, avec Xavier Emmanuelli, les Cellules d&rsquo;Urgences M\u00e9dico-Psychologique (CUMP). Le docteur Marie-Claude L\u00e9n\u00e8s l&rsquo;a rencontr\u00e9 la premi\u00e8re fois en 1994, puis en 1995, pour des formations en victimologie, \u00e0 Paris. En 1996, elle a particip\u00e9 au Coll\u00e8ge des R\u00e9f\u00e9rents, au Minist\u00e8re des Affaires \u00c9trang\u00e8res, pour la cr\u00e9ation des CUMP. Leur collaboration s&rsquo;est poursuivie en 1997 pour des enseignements \u00e0 Paris, Clermont-Ferrand, Marseille, puis en Turquie et en Cr\u00eate. En 1999 et 2000, \u00e0 la demande du Minist\u00e8re des Affaires \u00c9trang\u00e8res et sous l&rsquo;\u00e9gide du G\u00e9n\u00e9ral CROCQ, le docteur Marie-Claude L\u00e9n\u00e8s est intervenue en Albanie et au Kosovo dans les camps de r\u00e9fugi\u00e9s, puis, en 2003, avec le G\u00e9n\u00e9ral CROCQ cette fois, en Alg\u00e9rie apr\u00e8s le tremblement de terre de Boumerd\u00e8s. Ils ont \u00e9galement partag\u00e9 des communications lors de nombreux Congr\u00e8s : Chalon sur Sa\u00f4ne (H\u00f4pital de Sevrey), Paris, Marseille, Montpellier, Montr\u00e9al&#8230;<\/p>\n\n\n\n<p class=\"wp-block-paragraph\"> <strong>&#8211; Professeur Zacarias DUARTE-CASTELLON :<\/strong><br><em>Directeur de l&rsquo;Institut de M\u00e9decine L\u00e9gale du Nicaragua<\/em><br>Sa rencontre avec le docteur Marie-Claude L\u00e9n\u00e8s a eu lieu en f\u00e9vrier 2009 \u00e0 Montpellier. Il a imm\u00e9diatement \u00e9t\u00e9 int\u00e9ress\u00e9 par l&rsquo;apport de la Th\u00e9orie Psycho-Sensorielle et il a vu dans son utilisation un moyen de reconna\u00eetre et de traiter les victimes de violences familiales, sexuelles et de genre, trop souvent ignor\u00e9es tant que le crit\u00e8re \u00e9tait \u00ab\u00a0parole contre parole\u00a0\u00bb.<br>Il a invit\u00e9 le docteur Marie-Claude L\u00e9n\u00e8s \u00e0 venir pr\u00e9senter sa th<span class=\"has-inline-color has-black-color\">\u00e9orie<\/span> au \u00abPrimer Congreso Nacional y Coloquio Internacional de Medicina Legal y Ciensas Forenses\u00bb, <span class=\"has-inline-color has-black-color\">qui regroupait <\/span>l&rsquo;Espagne et toute l&rsquo;Am\u00e9rique Latine \u00e0 Managua en d\u00e9cembre 2009.<br>A partir de l\u00e0, <a rel=\"noreferrer noopener\" href=\"https:\/\/tps-trauma.org\/index.php\/2018\/05\/28\/nicaragua\/\" target=\"_blank\">une coop\u00e9ration intense<\/a> s&rsquo;est \u00e9tablie avec le Nicaragua pour former un nombre cons\u00e9quent de personnels soignants, de juristes, de policiers&#8230;<br>Le Professeur DUARTE-CASTELLON a traduit le livre TPS en espagnol !<\/p>\n\n\n\n<p class=\"wp-block-paragraph\"><a href=\"https:\/\/tps-trauma.org\/index.php\/preface-du-general-louis-crocq\/\" target=\"_blank\" rel=\"noreferrer noopener\">Pr\u00e9face du G\u00e9n\u00e9ral Louis CROCQ<\/a><br><a href=\"https:\/\/tps-trauma.org\/index.php\/preface-du-professeur-zacarias-duarte-castellon\/\" target=\"_blank\" rel=\"noreferrer noopener\">Pr\u00e9face du Docteur Zacarias DUARTE-CASTELLON<\/a><\/p>\n\n\n\n<p class=\"wp-block-paragraph\"><\/p>\n<a href=\"https:\/\/tps-trauma.org\/index.php\/2020\/11\/08\/deuxieme-tirage-du-livre\/\" title=\"Continuer la lecture &rarr;\">Continuer la lecture &rarr;<\/a><\/div><\/li><li><a href=\"https:\/\/tps-trauma.org\/index.php\/2020\/06\/23\/premieres-certifications\/\">Premi\u00e8res Certifications<\/a><div class=\"lcp_content\">\n<p class=\"wp-block-paragraph\">Nous avons enfin pu remettre les tous premiers Certificats de Qualification pour pratiquer la Th\u00e9rapie Psycho-Sensorielle&#8230;<\/p>\n\n\n\n<p class=\"wp-block-paragraph\">Nicolas Marcenac, hypnoth\u00e9rapeute, et Marie Nebout, psychologue clinicienne, exercent au sein du cabinet du Docteur Marie-Claude L\u00e9n\u00e8s \u00e0 Montpellier et font donc partie de son \u00e9quipe rapproch\u00e9e. Il \u00e9tait donc bien normal qu&rsquo;ils soient les pr\u00e9curseurs. <\/p>\n\n\n\n<p class=\"wp-block-paragraph\">Il y a \u00e9galement le Docteur Marie-Blandine Petit \u00e0 Bordeaux et nous avons d&rsquo;autres Certifications en cours.<\/p>\n\n\n\n<p class=\"wp-block-paragraph\">Mais d&rsquo;autres praticiens ont suivis les formations du Dr L\u00e9n\u00e8s et pratiquent peut-\u00eatre la TPS sans nous en avoir inform\u00e9. Nous leur sugg\u00e9rons de nous contacter car nous avons beaucoup de demandes de patients, dans toute la France et \u00e0 l&rsquo;\u00e9tranger et nous pourrions leur rediriger. Pour les autres th\u00e9rapeutes qui seraient int\u00e9ress\u00e9s, n&rsquo;h\u00e9sitez pas \u00e0 prendre contact avec nous.<\/p>\n\n\n\n<div class=\"wp-block-image\"><figure class=\"alignright size-large is-resized\"><img loading=\"lazy\" decoding=\"async\" data-attachment-id=\"2520\" data-permalink=\"https:\/\/tps-trauma.org\/index.php\/2020\/06\/23\/premieres-certifications\/certification-nicolas\/\" data-orig-file=\"https:\/\/i0.wp.com\/tps-trauma.org\/wp-content\/uploads\/2020\/06\/Certification-Nicolas-scaled.jpg?fit=2560%2C1993&amp;ssl=1\" data-orig-size=\"2560,1993\" data-comments-opened=\"1\" data-image-meta=\"{&quot;aperture&quot;:&quot;1.7&quot;,&quot;credit&quot;:&quot;&quot;,&quot;camera&quot;:&quot;SM-G935F&quot;,&quot;caption&quot;:&quot;&quot;,&quot;created_timestamp&quot;:&quot;1592914951&quot;,&quot;copyright&quot;:&quot;&quot;,&quot;focal_length&quot;:&quot;4.2&quot;,&quot;iso&quot;:&quot;64&quot;,&quot;shutter_speed&quot;:&quot;0.01&quot;,&quot;title&quot;:&quot;&quot;,&quot;orientation&quot;:&quot;1&quot;}\" data-image-title=\"Certification-Nicolas\" data-image-description=\"\" data-image-caption=\"\" data-large-file=\"https:\/\/i0.wp.com\/tps-trauma.org\/wp-content\/uploads\/2020\/06\/Certification-Nicolas-scaled.jpg?fit=525%2C409&amp;ssl=1\" src=\"https:\/\/i1.wp.com\/tps-trauma.org\/wp-content\/uploads\/2020\/06\/Certification-Nicolas-scaled.jpg?fit=525%2C409&amp;ssl=1\" alt=\"\" class=\"wp-image-2520\" width=\"334\" height=\"260\" srcset=\"https:\/\/i0.wp.com\/tps-trauma.org\/wp-content\/uploads\/2020\/06\/Certification-Nicolas-scaled.jpg?w=2560&amp;ssl=1 2560w, https:\/\/i0.wp.com\/tps-trauma.org\/wp-content\/uploads\/2020\/06\/Certification-Nicolas-scaled.jpg?resize=300%2C234&amp;ssl=1 300w, https:\/\/i0.wp.com\/tps-trauma.org\/wp-content\/uploads\/2020\/06\/Certification-Nicolas-scaled.jpg?resize=1024%2C797&amp;ssl=1 1024w, https:\/\/i0.wp.com\/tps-trauma.org\/wp-content\/uploads\/2020\/06\/Certification-Nicolas-scaled.jpg?resize=768%2C598&amp;ssl=1 768w, https:\/\/i0.wp.com\/tps-trauma.org\/wp-content\/uploads\/2020\/06\/Certification-Nicolas-scaled.jpg?resize=1536%2C1196&amp;ssl=1 1536w, https:\/\/i0.wp.com\/tps-trauma.org\/wp-content\/uploads\/2020\/06\/Certification-Nicolas-scaled.jpg?resize=2048%2C1594&amp;ssl=1 2048w\" sizes=\"auto, (max-width: 334px) 100vw, 334px\" \/><figcaption>Nicolas Marcenac &#8211; 23 06 2020<\/figcaption><\/figure><\/div>\n\n\n\n<div class=\"wp-block-image\"><figure class=\"alignleft size-large is-resized\"><img loading=\"lazy\" decoding=\"async\" data-attachment-id=\"2521\" data-permalink=\"https:\/\/tps-trauma.org\/index.php\/2020\/06\/23\/premieres-certifications\/certfication-marie\/\" data-orig-file=\"https:\/\/i0.wp.com\/tps-trauma.org\/wp-content\/uploads\/2020\/06\/Certfication-Marie-scaled.jpg?fit=2560%2C2181&amp;ssl=1\" data-orig-size=\"2560,2181\" data-comments-opened=\"1\" data-image-meta=\"{&quot;aperture&quot;:&quot;1.7&quot;,&quot;credit&quot;:&quot;&quot;,&quot;camera&quot;:&quot;SM-G935F&quot;,&quot;caption&quot;:&quot;&quot;,&quot;created_timestamp&quot;:&quot;1592915020&quot;,&quot;copyright&quot;:&quot;&quot;,&quot;focal_length&quot;:&quot;4.2&quot;,&quot;iso&quot;:&quot;40&quot;,&quot;shutter_speed&quot;:&quot;0.01&quot;,&quot;title&quot;:&quot;&quot;,&quot;orientation&quot;:&quot;1&quot;}\" data-image-title=\"Certfication-Marie\" data-image-description=\"\" data-image-caption=\"\" data-large-file=\"https:\/\/i0.wp.com\/tps-trauma.org\/wp-content\/uploads\/2020\/06\/Certfication-Marie-scaled.jpg?fit=525%2C447&amp;ssl=1\" src=\"https:\/\/i2.wp.com\/tps-trauma.org\/wp-content\/uploads\/2020\/06\/Certfication-Marie-scaled.jpg?fit=525%2C447&amp;ssl=1\" alt=\"\" class=\"wp-image-2521\" width=\"303\" height=\"258\" srcset=\"https:\/\/i0.wp.com\/tps-trauma.org\/wp-content\/uploads\/2020\/06\/Certfication-Marie-scaled.jpg?w=2560&amp;ssl=1 2560w, https:\/\/i0.wp.com\/tps-trauma.org\/wp-content\/uploads\/2020\/06\/Certfication-Marie-scaled.jpg?resize=300%2C256&amp;ssl=1 300w, https:\/\/i0.wp.com\/tps-trauma.org\/wp-content\/uploads\/2020\/06\/Certfication-Marie-scaled.jpg?resize=1024%2C872&amp;ssl=1 1024w, https:\/\/i0.wp.com\/tps-trauma.org\/wp-content\/uploads\/2020\/06\/Certfication-Marie-scaled.jpg?resize=768%2C654&amp;ssl=1 768w, https:\/\/i0.wp.com\/tps-trauma.org\/wp-content\/uploads\/2020\/06\/Certfication-Marie-scaled.jpg?resize=1536%2C1309&amp;ssl=1 1536w, https:\/\/i0.wp.com\/tps-trauma.org\/wp-content\/uploads\/2020\/06\/Certfication-Marie-scaled.jpg?resize=2048%2C1745&amp;ssl=1 2048w\" sizes=\"auto, (max-width: 303px) 100vw, 303px\" \/><figcaption>Dr L\u00e9n\u00e8s &#8211; Marie Nebout &#8211; J Boivin<\/figcaption><\/figure><\/div>\n\n\n\n<p class=\"wp-block-paragraph\"><\/p>\n<a href=\"https:\/\/tps-trauma.org\/index.php\/2020\/06\/23\/premieres-certifications\/\" title=\"Continuer la lecture &rarr;\">Continuer la lecture &rarr;<\/a><\/div><\/li><li><a href=\"https:\/\/tps-trauma.org\/index.php\/2020\/04\/14\/et-apres-la-catastrophe-du-covid-19\/\">Et apr\u00e8s la catastrophe du Covid 19 ?<\/a><div class=\"lcp_content\">\n<p class=\"wp-block-paragraph\">La vie reprend mais pas comme avant&#8230;<\/p>\n\n\n\n<p class=\"wp-block-paragraph\"><strong>Les personnes atteintes par le virus&nbsp;:<\/strong><br>\nLors du passage en r\u00e9animation le corps subit des agressions tr\u00e8s violentes. Ces violences sont susceptibles de \u00ab\u00a0faire trauma\u00a0\u00bb et de laisser des traces sensorielles. M\u00eame sans passer par la case \u00ab\u00a0R\u00e9a\u00a0\u00bb, le fait d&rsquo;avoir des souffrances intenses et notamment une forte g\u00eane respiratoire peut provoquer chez l&rsquo;\u00eatre humain un sentiment d&rsquo;an\u00e9antissement, brutal, violent, signature d&rsquo;un trauma psychique.<\/p>\n\n\n\n<p class=\"wp-block-paragraph\"><strong>Les personnes confin\u00e9es&nbsp;:<\/strong><br> Les effets n\u00e9gatifs du confinement sont bien connus&nbsp;: stress, peur de la maladie, souffrances intrafamiliales, sociales, environnementales, difficult\u00e9s financi\u00e8res. Ils sont pris en compte par les diverses instances de la soci\u00e9t\u00e9. Par contre, les traumas psychiques dus \u00e0 des situations d\u2019an\u00e9antissement v\u00e9cues pendant cette p\u00e9riode, risquent d\u2019\u00eatres m\u00e9connus.<\/p>\n\n\n\n<p class=\"wp-block-paragraph\"><strong>Les soignants&nbsp;:<\/strong><br> Au-del\u00e0 du stress et de l\u2019\u00e9puisement quotidiens, les soignants m\u00eame les plus solides, ne sont pas \u00e0 l\u2019abri des traumas psychiques cons\u00e9cutifs aux situations dramatiques qu\u2019ils vivent en premi\u00e8re ligne.<\/p>\n\n\n\n<p class=\"wp-block-paragraph\">Une fois que le trauma est l\u00e0, tapi dans l&rsquo;ombre, il va provoquer les sympt\u00f4mes bien connus maintenant et abondamment document\u00e9s de l\u2019\u00c9tat de Stress Post-Traumatique.<\/p>\n\n\n\n<p class=\"has-text-align-left wp-block-paragraph\"><strong>Covid 19 et trauma psychique<\/strong> :<br>L\u2019enjeu sera de rep\u00e9rer et de diagnostiquer ces \u00e9tats de stress post-traumatiques.<br>Le d\u00e9fi sera de les traiter.<\/p>\n\n\n\n<p class=\"wp-block-paragraph\">De nombreuses m\u00e9thodes proposent de <span style=\"text-decoration: underline;\">traiter les sympt\u00f4mes<\/span> du stress post-traumatique, c&rsquo;est-\u00e0-dire les cons\u00e9quences du trauma <span style=\"text-decoration: underline;\">mais pas le trauma lui-m\u00eame<\/span>.<\/p>\n\n\n\n<p class=\"wp-block-paragraph\">La <strong>T<\/strong>h\u00e9rapie <strong>P<\/strong>sycho-<strong>S<\/strong>ensorielle va plus loin puisque, au cours de la s\u00e9ance, <span style=\"text-decoration: underline;\">le bloc traumatique<\/span> incrust\u00e9 dans le psychisme<span style=\"text-decoration: underline;\"> est directement trait\u00e9 et les sympt\u00f4mes disparaissent d\u00e9finitivement<\/span>.<\/p>\n\n\n\n<p class=\"has-text-align-right wp-block-paragraph\">Dr Marie-Claude L\u00e9n\u00e8s &#8211; Montpellier le 13 04 2020<\/p>\n\n\n\n<p class=\"wp-block-paragraph\"><a href=\"https:\/\/www.linkedin.com\/feed\/hashtag\/?highlightedUpdateUrns=urn%3Ali%3Aactivity%3A6654646987356426240&amp;keywords=%23psychologie&amp;originTrackingId=vmpi5IfRStGcsFae1sFRuw%3D%3D\" target=\"_blank\" rel=\"noreferrer noopener\">#psychologie<\/a> <a href=\"https:\/\/www.linkedin.com\/feed\/hashtag\/?highlightedUpdateUrns=urn%3Ali%3Aactivity%3A6654646987356426240&amp;keywords=%23psychiatre&amp;originTrackingId=vmpi5IfRStGcsFae1sFRuw%3D%3D\" target=\"_blank\" rel=\"noreferrer noopener\">#psychiatre<\/a> <a href=\"https:\/\/www.linkedin.com\/feed\/hashtag\/?highlightedUpdateUrns=urn%3Ali%3Aactivity%3A6654646987356426240&amp;keywords=%23psychanalyste&amp;originTrackingId=vmpi5IfRStGcsFae1sFRuw%3D%3D\" target=\"_blank\" rel=\"noreferrer noopener\">#psychanalyse #p<\/a><a href=\"https:\/\/www.linkedin.com\/feed\/hashtag\/?highlightedUpdateUrns=urn%3Ali%3Aactivity%3A6654646987356426240&amp;keywords=%23psychologietransculturelle&amp;originTrackingId=vmpi5IfRStGcsFae1sFRuw%3D%3D\" target=\"_blank\" rel=\"noreferrer noopener\">sychologietransculturelle #a<\/a><a href=\"https:\/\/www.linkedin.com\/feed\/hashtag\/?highlightedUpdateUrns=urn%3Ali%3Aactivity%3A6654646987356426240&amp;keywords=%23anthropologue&amp;originTrackingId=vmpi5IfRStGcsFae1sFRuw%3D%3D\" target=\"_blank\" rel=\"noreferrer noopener\">nthropologie<\/a><a href=\"https:\/\/www.linkedin.com\/feed\/hashtag\/?highlightedUpdateUrns=urn%3Ali%3Aactivity%3A6654646987356426240&amp;keywords=%23sciencescognitives&amp;originTrackingId=vmpi5IfRStGcsFae1sFRuw%3D%3D\" target=\"_blank\" rel=\"noreferrer noopener\">#sciencescognitives<\/a> <a href=\"https:\/\/www.linkedin.com\/feed\/hashtag\/?highlightedUpdateUrns=urn%3Ali%3Aactivity%3A6654646987356426240&amp;keywords=%23neurosciences&amp;originTrackingId=vmpi5IfRStGcsFae1sFRuw%3D%3D\" target=\"_blank\" rel=\"noreferrer noopener\">#neurosciences<\/a> <a href=\"https:\/\/www.linkedin.com\/feed\/hashtag\/?highlightedUpdateUrns=urn%3Ali%3Aactivity%3A6654646987356426240&amp;keywords=%23traumatisme&amp;originTrackingId=vmpi5IfRStGcsFae1sFRuw%3D%3D\" target=\"_blank\" rel=\"noreferrer noopener\">#traumatisme<\/a> <a href=\"https:\/\/www.linkedin.com\/feed\/hashtag\/?highlightedUpdateUrns=urn%3Ali%3Aactivity%3A6654646987356426240&amp;keywords=%23ESPT&amp;originTrackingId=vmpi5IfRStGcsFae1sFRuw%3D%3D\" target=\"_blank\" rel=\"noreferrer noopener\">#ESPT<\/a> <a href=\"https:\/\/www.linkedin.com\/feed\/hashtag\/?highlightedUpdateUrns=urn%3Ali%3Aactivity%3A6654646987356426240&amp;keywords=%23PTSD&amp;originTrackingId=vmpi5IfRStGcsFae1sFRuw%3D%3D\" target=\"_blank\" rel=\"noreferrer noopener\">#PTSD<\/a> <a href=\"https:\/\/www.linkedin.com\/feed\/hashtag\/?highlightedUpdateUrns=urn%3Ali%3Aactivity%3A6654646987356426240&amp;keywords=%23sociologie&amp;originTrackingId=vmpi5IfRStGcsFae1sFRuw%3D%3D\" target=\"_blank\" rel=\"noreferrer noopener\">#sociologie<\/a> <a href=\"https:\/\/www.linkedin.com\/feed\/hashtag\/?highlightedUpdateUrns=urn%3Ali%3Aactivity%3A6654646987356426240&amp;keywords=%23guerre&amp;originTrackingId=vmpi5IfRStGcsFae1sFRuw%3D%3D\" target=\"_blank\" rel=\"noreferrer noopener\">#guerre<\/a> <a href=\"https:\/\/www.linkedin.com\/feed\/hashtag\/?highlightedUpdateUrns=urn%3Ali%3Aactivity%3A6654646987356426240&amp;keywords=%23terrorisme&amp;originTrackingId=vmpi5IfRStGcsFae1sFRuw%3D%3D\" target=\"_blank\" rel=\"noreferrer noopener\">#terrorisme<\/a> <a href=\"https:\/\/www.linkedin.com\/feed\/hashtag\/?highlightedUpdateUrns=urn%3Ali%3Aactivity%3A6654646987356426240&amp;keywords=%23soinpsychique&amp;originTrackingId=vmpi5IfRStGcsFae1sFRuw%3D%3D\" target=\"_blank\" rel=\"noreferrer noopener\">#soinpsychique #psychotrauma #psycho-traumatisme #coronavirus #covid19 #soignants #DSM #CIM10<\/a><\/p>\n<a href=\"https:\/\/tps-trauma.org\/index.php\/2020\/04\/14\/et-apres-la-catastrophe-du-covid-19\/\" title=\"Continuer la lecture &rarr;\">Continuer la lecture &rarr;<\/a><\/div><\/li><li><a href=\"https:\/\/tps-trauma.org\/index.php\/2020\/01\/29\/colloque-a-nimes\/\">Colloque \u00e0 N\u00eemes<\/a><div class=\"lcp_content\">\n<p class=\"wp-block-paragraph\">Le 6 f\u00e9vrier \u00e0 N\u00eemes \u00e0 11 h 30 et \u00e0 14 h,<\/p>\n\n\n\n<p class=\"wp-block-paragraph\">le docteur <strong>Marie-Claude L\u00e9n\u00e8s interviendra<\/strong> au Colloque organis\u00e9 par le Fonds de recherche Soci\u00e9t\u00e9 et culture du Qu\u00e9bec et la Maison des adolescents du Gard<\/p>\n\n\n\n<p class=\"has-text-align-center wp-block-paragraph\"><em>Entr\u00e9e gratuite mais inscription obligatoire pour la s\u00e9ance pl\u00e9ni\u00e8re : <a rel=\"noreferrer noopener\" href=\"https:\/\/entretiens.nimes-ales.fr\/programme-2020\/le-trauma-dans-tous-ses-etats\/\" target=\"_blank\">Cliquez ICI<\/a><\/em><\/p>\n\n\n\n<div class=\"wp-block-image\"><figure class=\"aligncenter size-large\"><img data-recalc-dims=\"1\" loading=\"lazy\" decoding=\"async\" width=\"451\" height=\"638\" data-attachment-id=\"2373\" data-permalink=\"https:\/\/tps-trauma.org\/2020-02-6-affiche-colloque-nimes\/\" data-orig-file=\"https:\/\/i0.wp.com\/tps-trauma.org\/wp-content\/uploads\/2020\/01\/2020-02-6-Affiche-colloque-N%C3%AEmes.png?fit=451%2C638&amp;ssl=1\" data-orig-size=\"451,638\" data-comments-opened=\"1\" data-image-meta=\"{&quot;aperture&quot;:&quot;0&quot;,&quot;credit&quot;:&quot;&quot;,&quot;camera&quot;:&quot;&quot;,&quot;caption&quot;:&quot;&quot;,&quot;created_timestamp&quot;:&quot;0&quot;,&quot;copyright&quot;:&quot;&quot;,&quot;focal_length&quot;:&quot;0&quot;,&quot;iso&quot;:&quot;0&quot;,&quot;shutter_speed&quot;:&quot;0&quot;,&quot;title&quot;:&quot;&quot;,&quot;orientation&quot;:&quot;0&quot;}\" data-image-title=\"2020 02 6 &amp;#8211; Affiche colloque N\u00eemes\" data-image-description=\"\" data-image-caption=\"\" data-large-file=\"https:\/\/i0.wp.com\/tps-trauma.org\/wp-content\/uploads\/2020\/01\/2020-02-6-Affiche-colloque-N%C3%AEmes.png?fit=451%2C638&amp;ssl=1\" src=\"https:\/\/i0.wp.com\/tps-trauma.org\/wp-content\/uploads\/2020\/01\/2020-02-6-Affiche-colloque-N%C3%AEmes.png?resize=451%2C638\" alt=\"\" class=\"wp-image-2373\" srcset=\"https:\/\/i0.wp.com\/tps-trauma.org\/wp-content\/uploads\/2020\/01\/2020-02-6-Affiche-colloque-N%C3%AEmes.png?w=451&amp;ssl=1 451w, https:\/\/i0.wp.com\/tps-trauma.org\/wp-content\/uploads\/2020\/01\/2020-02-6-Affiche-colloque-N%C3%AEmes.png?resize=212%2C300&amp;ssl=1 212w\" sizes=\"auto, (max-width: 451px) 100vw, 451px\" \/><\/figure><\/div>\n<a href=\"https:\/\/tps-trauma.org\/index.php\/2020\/01\/29\/colloque-a-nimes\/\" title=\"Continuer la lecture &rarr;\">Continuer la lecture &rarr;<\/a><\/div><\/li><li><a href=\"https:\/\/tps-trauma.org\/index.php\/2019\/11\/05\/journee-de-sensibilisation\/\">Journ\u00e9e de sensibilisation<\/a><div class=\"lcp_content\">\n<div class=\"wp-block-group\"><div class=\"wp-block-group__inner-container is-layout-flow wp-block-group-is-layout-flow\">\n<p class=\"has-text-align-center wp-block-paragraph\">Le <strong>Docteur Marie-Claude L\u00e9n\u00e8s<\/strong> <br>a pr\u00e9sent\u00e9 sa m\u00e9thode de traitement du psycho-trauma, <br>la <strong>Th\u00e9rapie Psycho-Sensorielle<\/strong> <\/p>\n\n\n\n<p class=\"has-text-align-center wp-block-paragraph\"><strong>29 novembre 2019    de 9h \u00e0 17h<\/strong><\/p>\n<\/div><\/div>\n\n\n\n<p class=\"has-text-align-center wp-block-paragraph\"><strong>Journ\u00e9e de sensibilisation organis\u00e9e par<\/strong> <strong>le Centre Louis Defond<\/strong><br>Communaut\u00e9 de Communes du Pays Viganais (Le Vigan &#8211; Gard)  <br>\u00ab\u00a0<strong>D\u00e9tecter et traiter le Psycho-Trauma<\/strong>\u00ab\u00a0<\/p>\n\n\n\n<p class=\"wp-block-paragraph\">Au cours de cette journ\u00e9e, le docteur Marie-Claude L\u00e9n\u00e8s et Jean Boivin ont pr\u00e9sent\u00e9 de mani\u00e8re synth\u00e9tique et claire l\u2019origine de la TPS et pourquoi elle est efficace pour tous les traumatismes psychiques. <br>Les 70 personnes pr\u00e9sentes ont pu comprendre le m\u00e9canisme du psycho-trauma \u00e0 la suite d\u2019un acte  violent et comment on peut supprimer rapidement ses effets nocifs, d\u00e9finitivement. Gr\u00e2ce notamment \u00e0 la vid\u00e9o comment\u00e9e de la consultation en TPS d&rsquo;un jeune migrant venu du Congo qui, aujourd&rsquo;hui, a repris une vie normale.<\/p>\n\n\n\n<div class=\"wp-block-image\"><figure class=\"aligncenter size-large\"><img loading=\"lazy\" decoding=\"async\" width=\"2560\" height=\"1440\" data-attachment-id=\"2347\" data-permalink=\"https:\/\/tps-trauma.org\/index.php\/2019\/11\/05\/journee-de-sensibilisation\/20191129_091257\/\" data-orig-file=\"https:\/\/i0.wp.com\/tps-trauma.org\/wp-content\/uploads\/2019\/12\/20191129_091257-scaled.jpg?fit=2560%2C1440&amp;ssl=1\" data-orig-size=\"2560,1440\" data-comments-opened=\"1\" data-image-meta=\"{&quot;aperture&quot;:&quot;1.7&quot;,&quot;credit&quot;:&quot;&quot;,&quot;camera&quot;:&quot;SM-G935F&quot;,&quot;caption&quot;:&quot;&quot;,&quot;created_timestamp&quot;:&quot;1575018777&quot;,&quot;copyright&quot;:&quot;&quot;,&quot;focal_length&quot;:&quot;4.2&quot;,&quot;iso&quot;:&quot;100&quot;,&quot;shutter_speed&quot;:&quot;0.02&quot;,&quot;title&quot;:&quot;&quot;,&quot;orientation&quot;:&quot;1&quot;}\" data-image-title=\"20191129_091257\" data-image-description=\"\" data-image-caption=\"\" data-large-file=\"https:\/\/i0.wp.com\/tps-trauma.org\/wp-content\/uploads\/2019\/12\/20191129_091257-scaled.jpg?fit=525%2C295&amp;ssl=1\" src=\"https:\/\/i2.wp.com\/tps-trauma.org\/wp-content\/uploads\/2019\/12\/20191129_091257-scaled.jpg?fit=525%2C295\" alt=\"\" class=\"wp-image-2347\" srcset=\"https:\/\/i0.wp.com\/tps-trauma.org\/wp-content\/uploads\/2019\/12\/20191129_091257-scaled.jpg?w=2560&amp;ssl=1 2560w, https:\/\/i0.wp.com\/tps-trauma.org\/wp-content\/uploads\/2019\/12\/20191129_091257-scaled.jpg?resize=300%2C169&amp;ssl=1 300w, https:\/\/i0.wp.com\/tps-trauma.org\/wp-content\/uploads\/2019\/12\/20191129_091257-scaled.jpg?resize=1024%2C576&amp;ssl=1 1024w, https:\/\/i0.wp.com\/tps-trauma.org\/wp-content\/uploads\/2019\/12\/20191129_091257-scaled.jpg?resize=768%2C432&amp;ssl=1 768w, https:\/\/i0.wp.com\/tps-trauma.org\/wp-content\/uploads\/2019\/12\/20191129_091257-scaled.jpg?resize=1536%2C864&amp;ssl=1 1536w, https:\/\/i0.wp.com\/tps-trauma.org\/wp-content\/uploads\/2019\/12\/20191129_091257-scaled.jpg?resize=2048%2C1152&amp;ssl=1 2048w\" sizes=\"auto, (max-width: 767px) 89vw, (max-width: 1000px) 54vw, (max-width: 1071px) 543px, 580px\" \/><\/figure><\/div>\n\n\n\n<div class=\"wp-block-image\"><figure class=\"aligncenter size-large\"><img loading=\"lazy\" decoding=\"async\" width=\"2560\" height=\"1440\" data-attachment-id=\"2348\" data-permalink=\"https:\/\/tps-trauma.org\/index.php\/2019\/11\/05\/journee-de-sensibilisation\/20191129_091339\/\" data-orig-file=\"https:\/\/i0.wp.com\/tps-trauma.org\/wp-content\/uploads\/2019\/12\/20191129_091339-scaled.jpg?fit=2560%2C1440&amp;ssl=1\" data-orig-size=\"2560,1440\" data-comments-opened=\"1\" data-image-meta=\"{&quot;aperture&quot;:&quot;1.7&quot;,&quot;credit&quot;:&quot;&quot;,&quot;camera&quot;:&quot;SM-G935F&quot;,&quot;caption&quot;:&quot;&quot;,&quot;created_timestamp&quot;:&quot;1575018819&quot;,&quot;copyright&quot;:&quot;&quot;,&quot;focal_length&quot;:&quot;4.2&quot;,&quot;iso&quot;:&quot;160&quot;,&quot;shutter_speed&quot;:&quot;0.04&quot;,&quot;title&quot;:&quot;&quot;,&quot;orientation&quot;:&quot;1&quot;}\" data-image-title=\"20191129_091339\" data-image-description=\"\" data-image-caption=\"\" data-large-file=\"https:\/\/i0.wp.com\/tps-trauma.org\/wp-content\/uploads\/2019\/12\/20191129_091339-scaled.jpg?fit=525%2C295&amp;ssl=1\" src=\"https:\/\/i2.wp.com\/tps-trauma.org\/wp-content\/uploads\/2019\/12\/20191129_091339-scaled.jpg?fit=525%2C295\" alt=\"\" class=\"wp-image-2348\" srcset=\"https:\/\/i0.wp.com\/tps-trauma.org\/wp-content\/uploads\/2019\/12\/20191129_091339-scaled.jpg?w=2560&amp;ssl=1 2560w, https:\/\/i0.wp.com\/tps-trauma.org\/wp-content\/uploads\/2019\/12\/20191129_091339-scaled.jpg?resize=300%2C169&amp;ssl=1 300w, https:\/\/i0.wp.com\/tps-trauma.org\/wp-content\/uploads\/2019\/12\/20191129_091339-scaled.jpg?resize=1024%2C576&amp;ssl=1 1024w, https:\/\/i0.wp.com\/tps-trauma.org\/wp-content\/uploads\/2019\/12\/20191129_091339-scaled.jpg?resize=768%2C432&amp;ssl=1 768w, https:\/\/i0.wp.com\/tps-trauma.org\/wp-content\/uploads\/2019\/12\/20191129_091339-scaled.jpg?resize=1536%2C864&amp;ssl=1 1536w, https:\/\/i0.wp.com\/tps-trauma.org\/wp-content\/uploads\/2019\/12\/20191129_091339-scaled.jpg?resize=2048%2C1152&amp;ssl=1 2048w\" sizes=\"auto, (max-width: 767px) 89vw, (max-width: 1000px) 54vw, (max-width: 1071px) 543px, 580px\" \/><\/figure><\/div>\n<a href=\"https:\/\/tps-trauma.org\/index.php\/2019\/11\/05\/journee-de-sensibilisation\/\" title=\"Continuer la lecture &rarr;\">Continuer la lecture &rarr;<\/a><\/div><\/li><li><a href=\"https:\/\/tps-trauma.org\/index.php\/2019\/01\/11\/date-de-parution-du-livre\/\">2019 01 09 &#8211; Date de parution du livre<\/a><div class=\"lcp_content\">\n<div class=\"wp-block-image\"><figure class=\"aligncenter is-resized\"><img data-recalc-dims=\"1\" loading=\"lazy\" decoding=\"async\" data-attachment-id=\"2061\" data-permalink=\"https:\/\/tps-trauma.org\/index.php\/2019\/01\/11\/date-de-parution-du-livre\/couverture-tps-2\/\" data-orig-file=\"https:\/\/i0.wp.com\/tps-trauma.org\/wp-content\/uploads\/2019\/01\/Couverture-TPS-1.jpg?fit=448%2C680&amp;ssl=1\" data-orig-size=\"448,680\" data-comments-opened=\"1\" data-image-meta=\"{&quot;aperture&quot;:&quot;0&quot;,&quot;credit&quot;:&quot;&quot;,&quot;camera&quot;:&quot;&quot;,&quot;caption&quot;:&quot;&quot;,&quot;created_timestamp&quot;:&quot;0&quot;,&quot;copyright&quot;:&quot;&quot;,&quot;focal_length&quot;:&quot;0&quot;,&quot;iso&quot;:&quot;0&quot;,&quot;shutter_speed&quot;:&quot;0&quot;,&quot;title&quot;:&quot;&quot;,&quot;orientation&quot;:&quot;0&quot;}\" data-image-title=\"Couverture TPS\" data-image-description=\"\" data-image-caption=\"\" data-large-file=\"https:\/\/i0.wp.com\/tps-trauma.org\/wp-content\/uploads\/2019\/01\/Couverture-TPS-1.jpg?fit=448%2C680&amp;ssl=1\" src=\"https:\/\/i0.wp.com\/tps-trauma.org\/wp-content\/uploads\/2019\/01\/Couverture-TPS-1.jpg?resize=225%2C341\" alt=\"\" class=\"wp-image-2061\" width=\"225\" height=\"341\" srcset=\"https:\/\/i0.wp.com\/tps-trauma.org\/wp-content\/uploads\/2019\/01\/Couverture-TPS-1.jpg?w=448&amp;ssl=1 448w, https:\/\/i0.wp.com\/tps-trauma.org\/wp-content\/uploads\/2019\/01\/Couverture-TPS-1.jpg?resize=198%2C300&amp;ssl=1 198w\" sizes=\"auto, (max-width: 225px) 100vw, 225px\" \/><figcaption>Maquette de la couverture<\/figcaption><\/figure><\/div>\n\n\n\n<p class=\"wp-block-paragraph\">Bonne nouvelle pour commencer l&rsquo;ann\u00e9e 2019, nous avons sign\u00e9 un contrat d&rsquo;\u00e9dition chez SAURAMPS-MEDICAL \u00e0 Montpellier. En circuit court&#8230;<\/p>\n\n\n\n<p class=\"wp-block-paragraph\">Sortie du livre  le 30 mai 2019, si vous allez sur le site de l&rsquo;\u00e9diteur vous pouvez le commander et vous le recevrez imm\u00e9diatement !<\/p>\n\n\n\n<p class=\"has-text-align-center wp-block-paragraph\"><a href=\"https:\/\/www.livres-medicaux.com\/la-therapie-psycho-sensorielle.html\">SAURAMPS LIVRES-MEDICAUX<\/a><\/p>\n\n\n\n<p class=\"wp-block-paragraph\">Version e-book disponible. Le site \u00ab\u00a0compagnon\u00a0\u00bb pour acc\u00e9der aux enregistrements audio des entretiens TPS est accessible ici :<\/p>\n\n\n\n<p class=\"has-text-align-center wp-block-paragraph\"><a href=\"https:\/\/e-sauramps-medical.com\/\">e-Sauramps-Medical<\/a><\/p>\n<a href=\"https:\/\/tps-trauma.org\/index.php\/2019\/01\/11\/date-de-parution-du-livre\/\" title=\"Continuer la lecture &rarr;\">Continuer la lecture &rarr;<\/a><\/div><\/li><li><a href=\"https:\/\/tps-trauma.org\/index.php\/2018\/10\/08\/congres-2018-des-medecins-de-montagne\/\">2018 &#8211; Congr\u00e8s des M\u00e9decins de Montagne<\/a><div class=\"lcp_content\">\n<p class=\"wp-block-paragraph\">Samedi 6 octobre, \u00e0 Carry le Rouet au bord de la M\u00e9diterran\u00e9e&#8230;<\/p>\n\n\n\n<div class=\"wp-block-image\"><figure class=\"aligncenter\"><img data-recalc-dims=\"1\" loading=\"lazy\" decoding=\"async\" width=\"525\" height=\"349\" data-attachment-id=\"1885\" data-permalink=\"https:\/\/tps-trauma.org\/index.php\/2018\/10\/08\/congres-2018-des-medecins-de-montagne\/20181006_164841-2\/\" data-orig-file=\"https:\/\/i0.wp.com\/tps-trauma.org\/wp-content\/uploads\/2018\/10\/20181006_164841-1.jpg?fit=3198%2C2124&amp;ssl=1\" data-orig-size=\"3198,2124\" data-comments-opened=\"1\" data-image-meta=\"{&quot;aperture&quot;:&quot;1.7&quot;,&quot;credit&quot;:&quot;&quot;,&quot;camera&quot;:&quot;SM-G935F&quot;,&quot;caption&quot;:&quot;&quot;,&quot;created_timestamp&quot;:&quot;1538844521&quot;,&quot;copyright&quot;:&quot;&quot;,&quot;focal_length&quot;:&quot;4.2&quot;,&quot;iso&quot;:&quot;160&quot;,&quot;shutter_speed&quot;:&quot;0.041666666666667&quot;,&quot;title&quot;:&quot;&quot;,&quot;orientation&quot;:&quot;1&quot;}\" data-image-title=\"20181006_164841\" data-image-description=\"\" data-image-caption=\"\" data-large-file=\"https:\/\/i0.wp.com\/tps-trauma.org\/wp-content\/uploads\/2018\/10\/20181006_164841-1.jpg?fit=525%2C349&amp;ssl=1\" src=\"https:\/\/i0.wp.com\/tps-trauma.org\/wp-content\/uploads\/2018\/10\/20181006_164841-1.jpg?resize=525%2C349\" alt=\"\" class=\"wp-image-1885\" srcset=\"https:\/\/i0.wp.com\/tps-trauma.org\/wp-content\/uploads\/2018\/10\/20181006_164841-1.jpg?w=3198&amp;ssl=1 3198w, https:\/\/i0.wp.com\/tps-trauma.org\/wp-content\/uploads\/2018\/10\/20181006_164841-1.jpg?resize=300%2C199&amp;ssl=1 300w, https:\/\/i0.wp.com\/tps-trauma.org\/wp-content\/uploads\/2018\/10\/20181006_164841-1.jpg?resize=768%2C510&amp;ssl=1 768w, https:\/\/i0.wp.com\/tps-trauma.org\/wp-content\/uploads\/2018\/10\/20181006_164841-1.jpg?resize=1024%2C680&amp;ssl=1 1024w, https:\/\/i0.wp.com\/tps-trauma.org\/wp-content\/uploads\/2018\/10\/20181006_164841-1.jpg?w=1575&amp;ssl=1 1575w\" sizes=\"auto, (max-width: 767px) 89vw, (max-width: 1000px) 54vw, (max-width: 1071px) 543px, 580px\" \/><figcaption>Le Dr Marie Claude L\u00e9n\u00e8s expliquant les m\u00e9canismes du trauma psychique<\/figcaption><\/figure><\/div>\n\n\n\n<div class=\"wp-block-image\"><figure class=\"aligncenter\"><img data-recalc-dims=\"1\" loading=\"lazy\" decoding=\"async\" width=\"525\" height=\"326\" data-attachment-id=\"1886\" data-permalink=\"https:\/\/tps-trauma.org\/index.php\/2018\/10\/08\/congres-2018-des-medecins-de-montagne\/20181006_164825-2\/\" data-orig-file=\"https:\/\/i0.wp.com\/tps-trauma.org\/wp-content\/uploads\/2018\/10\/20181006_164825-1.jpg?fit=3708%2C2302&amp;ssl=1\" data-orig-size=\"3708,2302\" data-comments-opened=\"1\" data-image-meta=\"{&quot;aperture&quot;:&quot;1.7&quot;,&quot;credit&quot;:&quot;&quot;,&quot;camera&quot;:&quot;SM-G935F&quot;,&quot;caption&quot;:&quot;&quot;,&quot;created_timestamp&quot;:&quot;1538844505&quot;,&quot;copyright&quot;:&quot;&quot;,&quot;focal_length&quot;:&quot;4.2&quot;,&quot;iso&quot;:&quot;200&quot;,&quot;shutter_speed&quot;:&quot;0.025&quot;,&quot;title&quot;:&quot;&quot;,&quot;orientation&quot;:&quot;1&quot;}\" data-image-title=\"20181006_164825\" data-image-description=\"\" data-image-caption=\"\" data-large-file=\"https:\/\/i0.wp.com\/tps-trauma.org\/wp-content\/uploads\/2018\/10\/20181006_164825-1.jpg?fit=525%2C326&amp;ssl=1\" src=\"https:\/\/i0.wp.com\/tps-trauma.org\/wp-content\/uploads\/2018\/10\/20181006_164825-1.jpg?resize=525%2C326\" alt=\"\" class=\"wp-image-1886\" srcset=\"https:\/\/i0.wp.com\/tps-trauma.org\/wp-content\/uploads\/2018\/10\/20181006_164825-1.jpg?w=3708&amp;ssl=1 3708w, https:\/\/i0.wp.com\/tps-trauma.org\/wp-content\/uploads\/2018\/10\/20181006_164825-1.jpg?resize=300%2C186&amp;ssl=1 300w, https:\/\/i0.wp.com\/tps-trauma.org\/wp-content\/uploads\/2018\/10\/20181006_164825-1.jpg?resize=768%2C477&amp;ssl=1 768w, https:\/\/i0.wp.com\/tps-trauma.org\/wp-content\/uploads\/2018\/10\/20181006_164825-1.jpg?resize=1024%2C636&amp;ssl=1 1024w, https:\/\/i0.wp.com\/tps-trauma.org\/wp-content\/uploads\/2018\/10\/20181006_164825-1.jpg?w=1575&amp;ssl=1 1575w\" sizes=\"auto, (max-width: 767px) 89vw, (max-width: 1000px) 54vw, (max-width: 1071px) 543px, 580px\" \/><figcaption>Une cinquantaine de m\u00e9decins \u00e9taient tr\u00e8s int\u00e9ress\u00e9s et ont pos\u00e9 beaucoup de questions&#8230;<\/figcaption><\/figure><\/div>\n\n\n\n<p class=\"wp-block-paragraph\">Tant et si bien que l&rsquo;heure impartie a \u00e9t\u00e9 largement d\u00e9pass\u00e9e&#8230;<\/p>\n\n\n\n<p class=\"wp-block-paragraph\"><a href=\"https:\/\/tps-trauma.org\/index.php\/letre-humain-face-a-une-situation-de-violence-le-psychotraumatisme\/\">Voir le compte-rendu complet ici<\/a><\/p>\n\n\n\n<p class=\"wp-block-paragraph\"><br><\/p>\n\n\n\n<p class=\"wp-block-paragraph\">&nbsp;<br><\/p>\n<a href=\"https:\/\/tps-trauma.org\/index.php\/2018\/10\/08\/congres-2018-des-medecins-de-montagne\/\" title=\"Continuer la lecture &rarr;\">Continuer la lecture &rarr;<\/a><\/div><\/li><\/ul><\/p>\n","protected":false},"excerpt":{"rendered":"","protected":false},"author":1,"featured_media":0,"parent":0,"menu_order":0,"comment_status":"closed","ping_status":"closed","template":"","meta":{"_crdt_document":"","_uf_show_specific_survey":0,"_uf_disable_surveys":false,"jetpack_post_was_ever_published":false,"footnotes":""},"class_list":["post-10","page","type-page","status-publish","hentry"],"aioseo_notices":[],"jetpack_sharing_enabled":true,"jetpack_shortlink":"https:\/\/wp.me\/PajXwX-a","jetpack-related-posts":[],"_links":{"self":[{"href":"https:\/\/tps-trauma.org\/index.php\/wp-json\/wp\/v2\/pages\/10","targetHints":{"allow":["GET"]}}],"collection":[{"href":"https:\/\/tps-trauma.org\/index.php\/wp-json\/wp\/v2\/pages"}],"about":[{"href":"https:\/\/tps-trauma.org\/index.php\/wp-json\/wp\/v2\/types\/page"}],"author":[{"embeddable":true,"href":"https:\/\/tps-trauma.org\/index.php\/wp-json\/wp\/v2\/users\/1"}],"replies":[{"embeddable":true,"href":"https:\/\/tps-trauma.org\/index.php\/wp-json\/wp\/v2\/comments?post=10"}],"version-history":[{"count":28,"href":"https:\/\/tps-trauma.org\/index.php\/wp-json\/wp\/v2\/pages\/10\/revisions"}],"predecessor-version":[{"id":2320,"href":"https:\/\/tps-trauma.org\/index.php\/wp-json\/wp\/v2\/pages\/10\/revisions\/2320"}],"wp:attachment":[{"href":"https:\/\/tps-trauma.org\/index.php\/wp-json\/wp\/v2\/media?parent=10"}],"curies":[{"name":"wp","href":"https:\/\/api.w.org\/{rel}","templated":true}]}}