{"id":372,"date":"2018-05-30T11:37:02","date_gmt":"2018-05-30T09:37:02","guid":{"rendered":"http:\/\/tps-trauma.org\/?page_id=372"},"modified":"2020-11-12T15:37:29","modified_gmt":"2020-11-12T14:37:29","slug":"introduction","status":"publish","type":"page","link":"https:\/\/tps-trauma.org\/index.php\/introduction\/","title":{"rendered":"Pourquoi ce livre ?"},"content":{"rendered":"\n<p class=\"has-regular-font-size wp-block-paragraph\"><em>Le texte ci-dessous reprend, dans son int\u00e9gralit\u00e9, l&rsquo;introduction du livre.<\/em><\/p>\n\n\n\n<p class=\"wp-block-paragraph\"><strong>Pourquoi \u00e9crire ce livre ?<\/strong> Alors qu\u2019il existe de nombreuses publications dans le domaine de la psycho-traumatologie ?<\/p>\n\n\n\n<p class=\"wp-block-paragraph\">Quantit\u00e9 de situations dans l\u2019actualit\u00e9 internationale renouvellent sans cesse l\u2019int\u00e9r\u00eat des cliniciens pour la question du traumatisme psychique. Au cours de la d\u00e9cennie actuelle, la recrudescence des attentats, la multiplication des catastrophes naturelles, sollicitent l\u2019int\u00e9r\u00eat et la mobilisation de la communaut\u00e9 internationale tant les cons\u00e9quences de ces \u00e9v\u00e9nements sont dramatiques pour les personnes. Aucun pays, aucun peuple n\u2019est \u00e9pargn\u00e9.<\/p>\n\n\n\n<p class=\"wp-block-paragraph\">&nbsp;Les blessures psychiques provoqu\u00e9es par la violence restent encore m\u00e9connues, car elles sont souvent d\u00e9concertantes au regard d\u2019une clinique traditionnelle. Elles sont la cons\u00e9quence de tout ce qui tend \u00e0 d\u00e9nier en l\u2019homme la part de l\u2019humain, de tout ce qui vise \u00e0 d\u00e9truire dans le sujet l\u2019estime de soi et la confiance en l\u2019autre.<\/p>\n\n\n\n<p class=\"wp-block-paragraph\">Ces blessures sont irr\u00e9versibles si elles ne sont pas trait\u00e9es efficacement. Elles s\u2019expriment bruyamment \u00e0 travers des sympt\u00f4mes et des comportements qui impactent fortement la sant\u00e9, la vie personnelle, affective, sociale de la victime ainsi que celle de son entourage. Elles peuvent parfois rester indolores, oubli\u00e9es en apparence pendant longtemps, puis, un jour, elles se r\u00e9activent sans crier gare. La douleur psychique est alors intense.<\/p>\n\n\n\n<p class=\"wp-block-paragraph\">Ce livre est n\u00e9 du besoin de partager ce que quarante ann\u00e9es de cheminement au c\u00f4t\u00e9 des victimes m\u2019ont fait d\u00e9couvrir. J\u2019ai souvent ressenti une solitude \u00e9prouvante face \u00e0 la souffrance de chaque bless\u00e9 psychique car, \u00e0 ce moment l\u00e0, les \u00e9tudes \u00e9pid\u00e9miologiques, les \u00e9chelles d\u2019\u00e9valuations et m\u00eame les protocoles qui paraissent si bien organis\u00e9s sont d\u2019un secours tr\u00e8s limit\u00e9. Cette solitude m\u2019a oblig\u00e9e \u00e0 repenser, sans cesse, l\u2019acte que j\u2019\u00e9tais en train de r\u00e9aliser au cours des entretiens et des soins.<\/p>\n\n\n\n<p class=\"wp-block-paragraph\">Confront\u00e9e \u00e0 la difficile r\u00e9alit\u00e9 clinique, j\u2019ai recherch\u00e9 une th\u00e9rapie efficace en \u00e9tant toujours guid\u00e9e par la conscience de la souffrance de l\u2019autre en face de moi et par cette interrogation : que suis-je en train de faire : une intrusion traumatisante ? Un acte th\u00e9rapeutique ? Un acte utile ? Un acte d\u00e9risoire ?<\/p>\n\n\n\n<p class=\"wp-block-paragraph\"><strong>Parcours et rencontres<\/strong><\/p>\n\n\n\n<p class=\"wp-block-paragraph\">Ma recherche sur l\u2019implication du corps dans la souffrance psychique a \u00e9t\u00e9 initi\u00e9e par l\u2019observation clinique. La premi\u00e8re interrogation sur le langage du corps a lieu d\u00e8s la fin de mes \u00e9tudes de m\u00e9decine en 1966-1967. \u00c0 cette \u00e9poque, j\u2019effectue un an d\u2019internat au CHD de Saint Denis de La R\u00e9union et l\u00e0, je d\u00e9couvre la violence de l\u2019expression des affects \u00e0 travers le corps soit dans des rituels sociaux-culturels impressionnants (marche sur le feu, transes) soit dans des manifestations pathologiques spectaculaires appel\u00e9es localement : \u00ab la crise \u00bb. L\u2019entourage am\u00e8ne une personne \u00e0 la consultation en disant : \u00ab l\u2019a gagn\u00e9 la crise \u00bb. La plupart du temps ces crises, de type catatonique, surviennent apr\u00e8s un \u00e9v\u00e9nement grave et correspondent \u00e0 la description des grandes crises d\u2019hyst\u00e9rie de Charcot.<\/p>\n\n\n\n<p class=\"wp-block-paragraph\">Toujours questionn\u00e9e par le lien entre la souffrance psychique et les sympt\u00f4mes somatiques, je suis alors tout un cycle de formations avec des chercheurs et th\u00e9rapeutes dont la rencontre est d\u00e9cisive dans l\u2019orientation de ma recherche.<\/p>\n\n\n\n<p class=\"wp-block-paragraph\"><strong>Les rencontres &#8211; Hommage \u00e0 Michel Sapir<\/strong><\/p>\n\n\n\n<p class=\"wp-block-paragraph\">Certaines personnes me laissent une empreinte durable. Elles viendront \u00e9tayer le long cheminement qui me conduira de la d\u00e9couverte de l\u2019\u00e9tude du trauma psychique \u00e0 l\u2019\u00e9laboration de la Th\u00e9rapie Psycho-Sensorielle. Je les remercie toutes, d\u2019autant que, parmi elles, se trouvent de nombreux patients.<\/p>\n\n\n\n<p class=\"wp-block-paragraph\">L\u2019humanit\u00e9, l\u2019\u00e9rudition, l\u2019enseignement clinique de plusieurs ma\u00eetres ont largement contribu\u00e9 \u00e0 ma fa\u00e7on d\u2019\u00eatre en tant que m\u00e9decin, psychiatre et psychoth\u00e9rapeute.<\/p>\n\n\n\n<p class=\"wp-block-paragraph\">Dans les ann\u00e9es 1970 Michel Soul\u00e9, L\u00e9on Krestler, Serge Lebovici au Centre de Guidance Infantile, Cl\u00e9ment Launay \u00e0 la consultation de H\u00e9rold et Fran\u00e7oise Dolto en s\u00e9minaire de dessin, rue Cujas, m\u2019initient \u00e0 l\u2019\u00e9tude de cet \u00eatre en devenir qu\u2019est l\u2019enfant et \u00e0 l\u2019importance des facteurs pouvant influencer son d\u00e9veloppement physique et psychologique.<\/p>\n\n\n\n<p class=\"wp-block-paragraph\">En 1975, la rencontre avec Michel Sapir est fondamentale. Psychanalyste, il s\u2019int\u00e9resse au corps et au v\u00e9cu corporel. Il est l\u2019un des pionniers d&rsquo;une m\u00e9decine o\u00f9 la relation m\u00e9decin-malade est reconnue \u00e0 sa juste place. Excellent clinicien, il nous apprend \u00e0 nous int\u00e9resser dans la maladie \u00e0 cette dimension inconsciente tant dans la relation du malade \u00e0 son corps que dans la relation soignant-soign\u00e9.<\/p>\n\n\n\n<p class=\"wp-block-paragraph\">Ensuite, que ce soit lors de ses consultations \u00e0 l\u2019h\u00f4pital Rothschild ou lors des s\u00e9minaires qu\u2019il organise \u00e0 Divonne et Annecy en lien avec les psychanalystes suisses r\u00e9unis autour de Balint \u00e0 Sills Maria, je suis confort\u00e9e dans ce que j\u2019avais d\u00e9j\u00e0 entrevu lors du contact avec des patients \u00e0 l&rsquo;\u00cele de La R\u00e9union : l\u2019esprit et le corps sont intimement li\u00e9s et on ne peut les appr\u00e9hender s\u00e9par\u00e9ment.<\/p>\n\n\n\n<p class=\"wp-block-paragraph\">Je d\u00e9couvre \u00e0 ses c\u00f4t\u00e9s une libert\u00e9 de penser et d\u2019agir qui \u00e9chappe au carcan th\u00e9orique parfois trop rigide face \u00e0 l\u2019\u00e9vidence clinique et qui est aujourd\u2019hui fondamentale dans ma d\u00e9marche. J\u2019y apprends l\u2019humilit\u00e9 et la remise en cause du savoir et du pouvoir m\u00e9dical lorsqu\u2019ils sont \u00e9rig\u00e9s en dictat. Ma position de th\u00e9rapeute face \u00e0 une personne victime d\u2019un \u00e9v\u00e9nement traumatisant en est issue. \u00c9tymologiquement le patient c\u2019est celui qui endure, celui qui souffre, la personne physique recevant une attention m\u00e9dicale, un soin, dans une position de d\u00e9pendance et de passivit\u00e9. En psycho-traumatologie, je le consid\u00e8re non pas comme un patient mais comme un alter ego qui va prendre toute sa place dans le processus de gu\u00e9rison. En th\u00e9rapie, cela implique d\u2019\u00e9couter r\u00e9ellement et non pas d\u2019interpr\u00e9ter ou de conclure h\u00e2tivement.<\/p>\n\n\n\n<p class=\"wp-block-paragraph\"><strong>Les \u00e9l\u00e9ments qui ont renforc\u00e9 ma recherche<\/strong><\/p>\n\n\n\n<p class=\"wp-block-paragraph\">D\u00e8s les ann\u00e9es 1980, des \u00e9l\u00e9ments viennent renforcer mon questionnement sur l\u2019implication du corps. Je pratique r\u00e9guli\u00e8rement la relaxation de Michel Sapir pour la prise en charge de certains patients, notamment pour des troubles li\u00e9s \u00e0 l\u2019anxi\u00e9t\u00e9 ou \u00e0 l\u2019angoisse : crises de t\u00e9tanie, attaques de panique, crises d\u2019angoisse neurov\u00e9g\u00e9tative, troubles du sommeil, fatigue, troubles psychosomatiques, difficult\u00e9s dans la vie relationnelle et affective. \u00c0 la suite de ces s\u00e9ances j\u2019ai, \u00e0 plusieurs reprises, la surprise de constater le surgissement \u00e0 la conscience d\u2019\u00e9v\u00e9nements de vie violents. Ce qui m\u2019intrigue c\u2019est que les patients disent avoir totalement oubli\u00e9 ces \u00e9v\u00e9nements pendant des mois ou des ann\u00e9es, ou du moins n\u2019y pensent pas et n\u2019en parlent pas alors que la suite de la prise en charge d\u00e9montre que ces \u00e9v\u00e9nements sont d\u2019une importance majeure dans leur histoire et dans la gen\u00e8se de leur pathologie.<\/p>\n\n\n\n<p class=\"wp-block-paragraph\">Pendant l\u2019\u00e9t\u00e9 1986, un \u00e9v\u00e9nement de vie personnel dramatique particuli\u00e8rement \u00e9prouvant me fait prendre conscience de la violence de l\u2019impact de cet \u00e9v\u00e9nement dans le psychisme, de sa traduction dans le corps et de ses cons\u00e9quences dans la vie ult\u00e9rieure. A la suite de cet \u00e9v\u00e9nement, je deviens plus attentive, sans doute, \u00e0 ce qu\u2019expriment certains de mes patients. Il me devient plus facile de sentir et comprendre comment certains traumatismes ont pu s\u2019imprimer en eux et s\u2019inscrire dans leur histoire, infl\u00e9chissant certains de leurs comportements et laissant en eux des zones d\u2019ombre o\u00f9 se tapit une angoisse pr\u00eate \u00e0 sourdre de fa\u00e7on permanente ou \u00e0 faire violemment surface dans certaines circonstances.<\/p>\n\n\n\n<p class=\"wp-block-paragraph\">L\u2019observation de l\u2019\u00e9mergence inattendue d\u2019\u00e9v\u00e9nements de vie en cure de relaxation et le questionnement qu\u2019elles induisent tant au niveau th\u00e9orique que th\u00e9rapeutique donnent une orientation compl\u00e9mentaire \u00e0 ma recherche.<\/p>\n\n\n\n<p class=\"wp-block-paragraph\"><strong>Remerciements \u00e0 Louis Crocq et \u00e0 Fran\u00e7ois Lebigot<\/strong><\/p>\n\n\n\n<p class=\"wp-block-paragraph\">En 1994 je rencontre le Professeur Louis Crocq alors que je pr\u00e9pare sous sa direction le Dipl\u00f4me Universitaire du Stress \u00e0 Paris V. Sa notori\u00e9t\u00e9, son analyse de la n\u00e9vrose traumatique, sa connaissance historique de l\u2019\u00e9volution de ce concept et son implication dans la cr\u00e9ation des Cellules d\u2019Urgence M\u00e9dico Psychologique (1997) sont reconnues de tous.<\/p>\n\n\n\n<p class=\"wp-block-paragraph\">Psychiatre des arm\u00e9es, le G\u00e9n\u00e9ral Crocq est un homme chaleureux, dynamique, talentueux qui sait partager, avec g\u00e9n\u00e9rosit\u00e9, son immense culture en mati\u00e8re de psychotrauma. Son ouverture d\u2019esprit, son intelligence critique et son sens clinique apportent \u00e0 son enseignement une dimension indispensable \u00e0 tout chercheur, tout th\u00e9rapeute : savoir prendre les bonnes distances par rapport aux diff\u00e9rentes \u00e9coles et chapelles. Il organise des interventions sur le terrain, en France ou \u00e0 l\u2019\u00e9tranger auxquelles il nous associe et qui seront des exp\u00e9riences irrempla\u00e7ables.<\/p>\n\n\n\n<p class=\"wp-block-paragraph\">Le Professeur Fran\u00e7ois Lebigot, psychanalyste lacanien, apporte un \u00e9clairage fondamental dans la conception du trauma et dans sa diff\u00e9renciation d\u2019avec le stress. A partir de 1997, nous avons partag\u00e9 plusieurs interventions en congr\u00e8s ou en formations. Les discussions avec lui sont toujours passionnantes. Son apport s\u2019av\u00e8re fondamental sur les plans th\u00e9orique et clinique.<\/p>\n\n\n\n<p class=\"wp-block-paragraph\"><strong>Le point actuel de ma recherche : la Th\u00e9rapie Psycho-Sensorielle<\/strong><\/p>\n\n\n\n<p class=\"wp-block-paragraph\">Ainsi, au fil des ann\u00e9es, ma recherche a fait s\u2019entrecroiser d\u2019une part les avanc\u00e9es th\u00e9oriques de chercheurs reconnus dans le domaine du trauma et les m\u00e9thodes th\u00e9rapeutiques qui en d\u00e9coulent avec, d\u2019autre part, ce que m\u2019ont appris mes patients pr\u00e9sentant des blessures psychiques au cours de leur suivi clinique.<\/p>\n\n\n\n<p class=\"wp-block-paragraph\">Le 8 ao\u00fbt 2000, lors du Congr\u00e8s Mondial de Victimologie \u00e0 Montr\u00e9al, j\u2019ai eu l\u2019opportunit\u00e9 de faire conna\u00eetre mon hypoth\u00e8se concernant l\u2019implication du mat\u00e9riel sensoriel dans le trauma psychique. J\u2019entends par mat\u00e9riel sensoriel les informations per\u00e7ues par les organes des sens et v\u00e9hicul\u00e9es jusqu\u2019au cerveau pour y \u00eatre trait\u00e9es.<\/p>\n\n\n\n<p class=\"wp-block-paragraph\">Par la suite, l\u2019hypoth\u00e8se de l\u2019implication du sensoriel a \u00e9t\u00e9 confort\u00e9e au travers de nombreux cas cliniques. Elle a servi de support \u00e0 ma conceptualisation Psycho-Sensorielle du trauma mais surtout \u00e0 l\u2019\u00e9laboration d\u2019une m\u00e9thode innovante de prise en charge du trauma psychique et de ses cons\u00e9quences : La Th\u00e9rapie Psycho-Sensorielle ou TPS.<\/p>\n\n\n\n<p class=\"wp-block-paragraph\">Coordinatrice depuis 1997 de plusieurs dipl\u00f4mes universitaires et de formations ayant pour sujet la question du trauma, j\u2019ai eu \u00e0 maintes reprises l\u2019opportunit\u00e9 de faire conna\u00eetre la Th\u00e9rapie Psycho-Sensorielle et d\u2019en discuter l\u2019assise th\u00e9orique. Un grand nombre de participants form\u00e9s \u00e0 cette m\u00e9thode l\u2019utilisent et leurs retours sont positifs.<\/p>\n\n\n\n<p class=\"wp-block-paragraph\">Bien s\u00fbr, il existe d\u2019autres th\u00e9ories, d\u2019autres angles d\u2019approche, d\u2019autres m\u00e9thodes pour aborder la pathologie post-traumatique.<\/p>\n\n\n\n<p class=\"wp-block-paragraph\">La cr\u00e9ation de la TPS est ma contribution personnelle dans ce domaine. Je propose donc \u00e0 toute personne int\u00e9ress\u00e9e personnellement ou professionnellement par le soin du psychotrauma de me suivre, au travers de ce livre, sur le chemin qui va de l\u2019\u00e9laboration de cette m\u00e9thode \u00e0 son application clinique.<\/p>\n\n\n\n<p class=\"has-text-align-center wp-block-paragraph\">\n&#8212;&#8212;&#8212;\n\n<\/p>\n\n\n\n<p class=\"wp-block-paragraph\">D\u00e9couvrez en quoi <a href=\"http:\/\/tps-trauma.org\/index.php\/pourquoi-ce-livre-est-il-different\/\">ce livre est diff\u00e9rent<\/a> des ouvrages classiques traitant du trauma<\/p>\n","protected":false},"excerpt":{"rendered":"<p>Le texte ci-dessous reprend, dans son int\u00e9gralit\u00e9, l&rsquo;introduction du livre. Pourquoi \u00e9crire ce livre ? Alors qu\u2019il existe de nombreuses publications dans le domaine de la psycho-traumatologie ? Quantit\u00e9 de situations dans l\u2019actualit\u00e9 internationale renouvellent sans cesse l\u2019int\u00e9r\u00eat des cliniciens pour la question du traumatisme psychique. Au cours de la d\u00e9cennie actuelle, la recrudescence des &hellip; <\/p>\n<p class=\"link-more\"><a href=\"https:\/\/tps-trauma.org\/index.php\/introduction\/\" class=\"more-link\">Continuer la lecture<span class=\"screen-reader-text\"> de &laquo;&nbsp;Pourquoi ce livre ?&nbsp;&raquo;<\/span><\/a><\/p>\n","protected":false},"author":1,"featured_media":0,"parent":0,"menu_order":0,"comment_status":"closed","ping_status":"closed","template":"","meta":{"_crdt_document":"","_uf_show_specific_survey":0,"_uf_disable_surveys":false,"jetpack_post_was_ever_published":false,"footnotes":""},"class_list":["post-372","page","type-page","status-publish","hentry"],"aioseo_notices":[],"jetpack_sharing_enabled":true,"jetpack_shortlink":"https:\/\/wp.me\/PajXwX-60","jetpack-related-posts":[],"_links":{"self":[{"href":"https:\/\/tps-trauma.org\/index.php\/wp-json\/wp\/v2\/pages\/372","targetHints":{"allow":["GET"]}}],"collection":[{"href":"https:\/\/tps-trauma.org\/index.php\/wp-json\/wp\/v2\/pages"}],"about":[{"href":"https:\/\/tps-trauma.org\/index.php\/wp-json\/wp\/v2\/types\/page"}],"author":[{"embeddable":true,"href":"https:\/\/tps-trauma.org\/index.php\/wp-json\/wp\/v2\/users\/1"}],"replies":[{"embeddable":true,"href":"https:\/\/tps-trauma.org\/index.php\/wp-json\/wp\/v2\/comments?post=372"}],"version-history":[{"count":24,"href":"https:\/\/tps-trauma.org\/index.php\/wp-json\/wp\/v2\/pages\/372\/revisions"}],"predecessor-version":[{"id":2609,"href":"https:\/\/tps-trauma.org\/index.php\/wp-json\/wp\/v2\/pages\/372\/revisions\/2609"}],"wp:attachment":[{"href":"https:\/\/tps-trauma.org\/index.php\/wp-json\/wp\/v2\/media?parent=372"}],"curies":[{"name":"wp","href":"https:\/\/api.w.org\/{rel}","templated":true}]}}