{"id":9,"date":"2018-05-26T21:42:03","date_gmt":"2018-05-26T19:42:03","guid":{"rendered":"http:\/\/tps-trauma.org\/?page_id=9"},"modified":"2020-02-12T15:34:23","modified_gmt":"2020-02-12T14:34:23","slug":"lauteur","status":"publish","type":"page","link":"https:\/\/tps-trauma.org\/index.php\/lauteur\/","title":{"rendered":"Docteur Marie-Claude L\u00c9N\u00c8S"},"content":{"rendered":"<p>&nbsp;<\/p><div class=\"textwidget\"><p style=\"text-align: left;\" align=\"center\"><img data-recalc-dims=\"1\" loading=\"lazy\" decoding=\"async\" data-attachment-id=\"97\" data-permalink=\"https:\/\/tps-trauma.org\/index.php\/lauteur\/imgp4807\/\" data-orig-file=\"https:\/\/i0.wp.com\/tps-trauma.org\/wp-content\/uploads\/2018\/05\/IMGP4807-e1527363651320.jpg?fit=522%2C713&amp;ssl=1\" data-orig-size=\"522,713\" data-comments-opened=\"1\" data-image-meta=\"{&quot;aperture&quot;:&quot;5.6&quot;,&quot;credit&quot;:&quot;&quot;,&quot;camera&quot;:&quot;PENTAX K-r&quot;,&quot;caption&quot;:&quot;&quot;,&quot;created_timestamp&quot;:&quot;1370617529&quot;,&quot;copyright&quot;:&quot;&quot;,&quot;focal_length&quot;:&quot;24&quot;,&quot;iso&quot;:&quot;400&quot;,&quot;shutter_speed&quot;:&quot;0.004&quot;,&quot;title&quot;:&quot;&quot;,&quot;orientation&quot;:&quot;1&quot;}\" data-image-title=\"IMGP4807\" data-image-description=\"\" data-image-caption=\"\" data-large-file=\"https:\/\/i0.wp.com\/tps-trauma.org\/wp-content\/uploads\/2018\/05\/IMGP4807-e1527363651320.jpg?fit=522%2C713&amp;ssl=1\" class=\"alignleft wp-image-97 size-medium\" src=\"https:\/\/i0.wp.com\/tps-trauma.org\/wp-content\/uploads\/2018\/05\/IMGP4807-220x300.jpg?resize=220%2C300\" alt=\"\" width=\"220\" height=\"300\" \/>&#8211; Neuro-Psychiatre Sp\u00e9cialiste Psychotraumatologie\u00a0 adultes &amp; enfants<\/p><p style=\"text-align: left;\" align=\"center\">&#8211; N\u00e9e le 9 janvier 1944<br \/>\u2013 Attestation de P\u00e9diatrie \u2013 Paris 1971<br \/>\u2013 DES de Phoniatrie \u2013 Paris 1971<br \/>\u2013 Docteur en m\u00e9decine (Th\u00e8se) \u2013 1972<br \/>\u2013 Dipl\u00f4me Universitaire de Stress et Traumatismes Majeurs de l\u2019Universit\u00e9 Ren\u00e9 Descartes \u2013 Paris 1994<br \/>\u2013 Dipl\u00f4me Universitaire de Victimologie de l\u2019Universit\u00e9 Am\u00e9ricaine de Washington D.C. \u2013 Washington \u2013 Juillet 1995<br \/>\u2013 DES de Psychiatrie \u2013 1996<br \/>\u2013 Certificat de \u00ab\u00a0Victimology and Criminal Justice System\u00a0\u00bb The Rhodes University \u2013 Pretoria South Africa \u2013 F\u00e9vrier 2000<\/p><\/div><p><!--more--><\/p><p>&#8211; M\u00e9decin attach\u00e9 au Service de Psychiatrie &#8211; Centre Hospitalier Universitaire &#8211; Clermont Ferrand &#8211; 1974\/2001 et au service de M\u00e9decine L\u00e9gale Centre Hospitalier Universitaire\u00a0&#8211; Montpellier &#8211; 2001\/2011<\/p><p>&#8211; Consultation de psycho-traumatologie &#8211; Montpellier<\/p><p>&#8211; Pr\u00e9sidente fondatrice de l\u2019association \u00ab\u00a0Formation M\u00e9dicale Continue Sans Fronti\u00e8re\u00a0\u00bb &#8211; janvier 2011, devenue \u00ab\u00a0Psycho-Trauma sans Fronti\u00e8re\u00a0\u00bb &#8211; Montpellier &#8211; janvier 2014 \u00e0 d\u00e9cembre 2017.<\/p><p><strong>Formations compl\u00e9mentaires<\/strong><\/p><p>&#8211; Suggestion, Manipulation Mentale, Conditionnement et \u00ab\u00a0Lavage de Cerveau\u00a0\u00bb CISCP &#8211; Paris &#8211; 1999<\/p><p>&#8211; S\u00e9minaire de victimologie \u2013 Professeur Ezzat A. Fattah \u2013 Paris &#8211; Mars 1998<\/p><p>&#8211; Caring for Victims &#8211; Amsterdam &#8211; 26-29 ao\u00fbt 1997<\/p><p>&#8211; Debriefing Psychologique &#8211; S\u00e9minaire &#8211; Pr. L. Crocq, J.T.Reese &#8211; F.B.I. &#8211; Paris &#8211; juin 1997<\/p><p>&#8211; Formation \u00e0 la Relaxation Psychanalytique (RIV) par Michel Sapir &#8211; H\u00f4pital Rothschild &#8211; Paris &#8211; 1975 \u00e0 1980<\/p><p>&#8211; Formation Groupe Balint &#8211; Divonne, Annecy, Sills Maria &#8211; 1975 \u00e0 1980<\/p><p><strong><u>1 &#8211; Cr\u00e9ation d\u2019enseignements universitaires sp\u00e9cialis\u00e9s en victimologie &#8211; France et International<\/u><\/strong><\/p><p>a &#8211; Cr\u00e9ation et Coordination du Dipl\u00f4me Universitaire de Victimologie Clinique de l\u2019<strong>Universit\u00e9 d\u2019Auvergne\u00a0<\/strong>&#8211; 1997 \u00e0 2002<\/p><p>b &#8211; Cr\u00e9ation et Coordination du \u00ab\u00a0Dipl\u00f4me Universitaire de Victimologie\u00a0\u00bb de l\u2019<strong>Ile de La R\u00e9union<\/strong>, rattach\u00e9 \u00e0 l\u2019Universit\u00e9 de Montpellier \u2013 2001 \u00e0 2003<\/p><p>c &#8211; Cr\u00e9ation du \u00ab\u00a0Dipl\u00f4me Universitaire de Victimologie\u00a0\u00bb de l\u2019<strong>Ile de La R\u00e9union<\/strong>, g\u00e9r\u00e9 par l\u2019Universit\u00e9 de La R\u00e9union &#8211; 2003 \u00e0 2015<\/p><p>d &#8211; Cr\u00e9ation du \u00abPostgrado Superior de Psicotraumatologia Forense\u00bb (Dipl\u00f4me Universitaire de Psychotraumatologie L\u00e9gale) &#8211; Managua \u2013 <strong>Nicaragua<\/strong> &#8211; 2010- 2014<\/p><p><strong><u>2 &#8211; Participation \u00e0 des enseignements universitaires sp\u00e9cialis\u00e9s en victimologie<\/u><\/strong><\/p><p>a &#8211; Charg\u00e9e d\u2019enseignement \u00e0 l\u2019<strong>Universit\u00e9 de Montpellier 1<\/strong>\u00a0Dipl\u00f4me Inter Universitaire de Victimologie &#8211; Enseignement et coordination du module de psychotraumatologie. de 2001 \u00e0 2016<\/p><p>b &#8211; Charg\u00e9e d\u2019enseignement de victimologie \u00e0 l\u2019<strong>Universit\u00e9 Paul Val\u00e9ry Montpellier<\/strong>\u00a0\u2013DESS de psychologie &#8211; 1999 \u00e0 2012<\/p><p>c &#8211; Charg\u00e9e de cours\u00a0<strong>Universit\u00e9 Paris V<\/strong>\u00a0&#8211; Dipl\u00f4me Universitaire \u00ab\u00a0Stress et Traumatismes Majeurs\u00a0\u00bb &#8211; 2000 \u00e0 2009<\/p><p>d &#8211; Charg\u00e9e d\u2019enseignement DIU de Victimologie de l\u2019<strong>Universit\u00e9 de Lyon-Rockfeller<\/strong>\u00a0&#8211; 1997 \u00e0 2003<\/p><p>e &#8211; Charg\u00e9e d\u2019enseignement de victimologie au\u00a0<strong>Centre Europ\u00e9en de Sant\u00e9 Humanitaire<\/strong>\u00a0\u2013 Service de Sant\u00e9 des Arm\u00e9es \u2013 Bron de 2001 \u00e0 2007<\/p><p>f &#8211; Charg\u00e9e d\u2019enseignement \u00e0 l\u2019Universit\u00e9 de la M\u00e9diterran\u00e9e \u2013 Facult\u00e9 de\u00a0<strong>Marseille<\/strong>\u00a0\u2013\u00a0<strong>Institut de M\u00e9decine Tropicale du Service de Sant\u00e9 des Arm\u00e9es<\/strong>\u00a0de 2001 \u00e0 2007<\/p><p>g &#8211; Charg\u00e9e d\u2019enseignement au\u00a0<strong>Centre Hospitalier \u00c9douard Toulouse<\/strong>\u00a0\u2013\u00a0<strong>Marseille<\/strong>\u00a0&#8211; 2002 &#8211; 2004<\/p><p>h &#8211; Formatrice vacataire au Centre International des Sciences Criminelles et P\u00e9nales<\/p><p>i &#8211; D.U. de \u00ab\u00a0Victimologie Clinique\u00a0\u00bb &#8211; <strong>La R\u00e9union<\/strong> &#8211; 2001 \u00e0 2011<\/p><p>j &#8211; D.U. \u00ab\u00a0Victimologie Clinique et Psychotraumatologie Enfants et Adolescents\u00a0\u00bb- <strong>La R\u00e9union<\/strong> &#8211; 2012 \u00e0 2015<\/p><p>k &#8211; Formation \u00e0 la \u00ab\u00a0Th\u00e9rapie Psycho-Sensorielle\u00a0\u00bb &#8211; <strong>La R\u00e9union<\/strong> &#8211; 2016<\/p><p>l &#8211; Formation sur le Psycho-Trauma intitul\u00e9e <em>\u00ab\u00a0Gu\u00e9rir les blessures de l&rsquo;histoire\u00a0\u00bb<\/em> &#8211; Minist\u00e8re de la Culture &#8211; Antananarivo &#8211; <strong>Madagascar<\/strong> &#8211; juin 2013<\/p><p>m &#8211; Formation <em>\u00ab\u00a0Psychotraumatologie et Maltraitance Physique en Violence Sexuelle et Intrafamiliale\u00a0\u00bb <\/em>&#8211; Institut de M\u00e9decine L\u00e9gale &#8211; Managua &#8211; <strong>Nicaragua<\/strong> &#8211; d\u00e9cembre 2009<\/p><p>n &#8211; Formation <em>\u00ab\u00a0<\/em>Postgrado Superior de Psicotraumatologia Forense\u00a0\u00bb &#8211; Institut de M\u00e9decine L\u00e9gale &#8211; Managua &#8211; <strong>Nicaragua<\/strong> &#8211; 2010 \u00e0 2014<\/p><p><strong><u>3 \u2013 Missions internationales d\u2019\u00e9valuation, de soutien et de formation des personnels locaux en situation de guerre ou de catastrophes<\/u><\/strong><\/p><p>A \u2013\u00a0<strong>Albanie<\/strong> &#8211; Tirana &#8211; mai 1999 &#8211; Mission \u00e0 la demande de la Cellule Nationale d\u2019Urgence M\u00e9dico Psychologique du Minist\u00e8re des Affaires \u00c9trang\u00e8res \u2013 <em>\u00ab \u00c9valuation du psychotrauma chez les enfants d\u00e9port\u00e9s et instauration d\u2019une m\u00e9thode de prise en charge \u00bb<\/em><\/p><p>b \u2013\u00a0<strong>Albanie<\/strong> &#8211; Tirana et El Bassan &#8211; juillet 1999 &#8211; Mission \u00e0 la demande du Minist\u00e8re des Affaires \u00c9trang\u00e8res \u2013 <em>\u00ab \u00c9valuation des besoins en psychiatrie et formation des personnels soignants albanais et des ONG \u00e0 la clinique et la prise en charge du psychotrauma (40 personnes) \u00bb<\/em><\/p><p>c \u2013\u00a0<strong>Kosovo<\/strong>\u00a0&#8211; Pristina &#8211; d\u00e9cembre 1999 &#8211; Mission \u00e0 la demande de M\u00e9decins du Monde \u2013 <em>\u00ab\u00a0S\u00e9minaire de formation pour les soignants du Kosovo (90 personnes)\u00a0\u00bb<\/em><\/p><p>d \u2013\u00a0<strong>Kosovo<\/strong>\u00a0&#8211; Pristina &#8211; juillet 2000 &#8211; Mission pour M\u00e9decins du Monde &#8211; <em>\u00ab\u00a0S\u00e9minaire de formation en partenariat avec les psychiatres hospitaliers du Kosovo\u00a0\u00bb\u00a0: Dr Afrim, Dr Youssef<\/em><\/p><p>e &#8211;\u00a0<strong>R\u00e9fugi\u00e9s du Kosovo<\/strong>\u00a0\u2013 mai \u00e0 septembre 2000 \u2013 Accueil et prise en charge des r\u00e9fugi\u00e9s du Kosovo dans les sites d\u2019<strong>Auvergne<\/strong>\u00a0\u2013 Environ 450 personnes<\/p><p>f &#8211;\u00a0<strong>Le Caire<\/strong> &#8211; f\u00e9vrier 2009 \u2013 Mission au Caire \u00e0 la demande de la CCIPPP 34, avec l\u2019aval du Minist\u00e8re Fran\u00e7ais des Affaires \u00c9trang\u00e8res pour \u00e9valuer quelle aide apporter \u00e0 la population civile de Gaza.<\/p><p><em>\u00ab\u00a0Centralisation des demandes faites par les professionnels de la sant\u00e9 de cette population: constituer un pool international d\u2019experts du psychotrauma et former les personnels de Gaza\u00a0\u00bb<\/em><\/p><p>g \u2013\u00a0<strong>Alg\u00e9rie<\/strong> &#8211; Boumerdes &#8211; ao\u00fbt 2003 &#8211; Mission \u00e0 la suite du tremblement de terre de Boumerdes de mai 2003, \u00e0 la demande des autorit\u00e9s alg\u00e9riennes et avec l\u2019appui du Minist\u00e8re Fran\u00e7ais des Affaires \u00c9trang\u00e8res<\/p><p><em>\u00ab\u00a0Soutien aux \u00e9quipes de sauveteurs, volontaires, m\u00e9decins, SAMU, personnels hospitaliers et administratifs, psychologues\u00a0\u00bb<\/em><\/p><p><strong><u>4 &#8211; Prise en charge et formation des militaires et des personnels de l\u2019humanitaire<\/u><\/strong><\/p><p>a &#8211;\u00a0<strong>Consultation de psychotraumatologie pour des militaires<\/strong>\u00a0au retour de la guerre du Golfe, de Bosnie (1994), du Kosovo (1999)&#8230;<em>\u00a0\u00bb Syndrome de Sarajevo, syndrome de la guerre du Golfe, syndrome de Rambo\u00a0\u00bb<\/em><\/p><p>b &#8211;\u00a0<strong>Formation de m\u00e9decins militaires<\/strong>\u00a0&#8211; avril 2005 &#8211; Encadrement de l\u2019exercice pratique de prise d\u2019otages organis\u00e9 par le 1<sup>er<\/sup> R\u00e9giment \u00c9tranger de G\u00e9nie de Laudun \u2013 \u00ab Stage d\u2019\u00e9tudes comportementales en situation s\u00e9curis\u00e9e avec prise d\u2019otages \u00bb au profit de l\u2019Institut de M\u00e9decine Tropicale du Service de Sant\u00e9 des Arm\u00e9es pour les \u00e9l\u00e8ves m\u00e9decins \u2013 <em>\u00ab\u00a0Prise d\u2019otage et corridor humanitaire\u00a0\u2013 N\u00e9gociations\u00a0\u00bb<\/em><\/p><p>c &#8211;\u00a0<strong>Formation des personnels de l\u2019Aide Humanitaire :<\/strong><\/p><p>CESH : Centre Europ\u00e9en de Sant\u00e9 humanitaire &#8211; Universit\u00e9 Claude Bernard &#8211; Lyon 1 &#8211; 2000-2007<\/p><p>Dipl\u00f4me Inter Universitaire de Sant\u00e9 Humanitaire &#8211; <em>\u00ab Gestion du stress et syndrome psychotraumatique \u00bb<\/em><\/p><p>CESH &#8211; Universit\u00e9 de la M\u00e9diterran\u00e9e Aix-Marseille 2 &#8211; 2000-2007<\/p><p>Dipl\u00f4me Inter Universitaire de Sant\u00e9 Humanitaire &#8211; <em>\u00ab\u00a0Gestion du stress dans les situations de crise. Psychotrauma. Prises d\u2019otages\u00a0\u00bb<\/em><\/p><p>CESH &#8211; Universit\u00e9 de Montpellier 1 &#8211; 2003-2007<\/p><p>Dipl\u00f4me Inter Universitaire de Sant\u00e9 Humanitaire &#8211; <em>\u00ab\u00a0Gestion du stress dans les situations de crise. Les victimes : adultes, enfants. Les acteurs de l\u2019humanitaire\u00a0\u00bb<\/em><\/p><p><strong><u>5 &#8211; Animatrice de formations diverses en victimologie, depuis 1997<\/u><\/strong><\/p><p>&#8211; M\u00e9decins g\u00e9n\u00e9ralistes, psychiatres, l\u00e9gistes, psychologues, m\u00e9decins du travail<\/p><p>&#8211; CFPS\u00a0: Centre de Formation des Professionnels de Sant\u00e9 \u2013 CHU Clermont-Ferrand<\/p><p>&#8211; IFSI : Institut de Formation en Soins Infirmiers \u2013 R\u00e9gion Languedoc-Roussillon<\/p><p>&#8211; Personnels des associations d\u2019aide aux victimes<\/p><p>&#8211; Juristes pour les violences sexuelles et les mineurs victimes<\/p><p>&#8211; Personnels de la gendarmerie sp\u00e9cialis\u00e9s dans l\u2019audition des mineurs victimes<\/p><p>&#8211; Personnels SAMU, SMUR, sapeurs-pompiers<\/p><p>&#8211; Personnels de m\u00e9decine pr\u00e9ventive universitaire, infirmi\u00e8res, enseignants<\/p><p>&#8211; Personnels des \u00e9quipes s\u00e9curit\u00e9 de groupes bancaires, d\u2019entreprises de transports publics, de France T\u00e9l\u00e9com&#8230;<\/p><p>&#8211; Professionnels de l\u2019aide humanitaire<\/p><p>&#8211; Professionnels locaux confront\u00e9s \u00e0 des situations de violence : Albanie, Kosovo, Alg\u00e9rie, Nicaragua<\/p><p><strong><u>6 \u2013 Activit\u00e9s li\u00e9es \u00e0 la victimologie<\/u><\/strong><\/p><p>&#8211; IHESI : Institut des Hautes \u00c9tudes de la S\u00e9curit\u00e9 Int\u00e9rieure \u00ab L\u2019Inceste et les agressions sexuelles chez l\u2019enfant \u00bb &#8211; Minist\u00e8re de l\u2019Int\u00e9rieur \u2013 <strong>Paris<\/strong> &#8211; 2007<\/p><p>&#8211; CISCP\u00a0&#8211; Animation du S\u00e9minaire \u00ab\u00a0Debriefing Psychologique Pratique. Groupe Formation et groupe Perfectionnement\u00a0\u00bb &#8211;\u00a0<strong>Turquie<\/strong> &#8211; mai 2004<\/p><p>&#8211; CISCP \u2013 Animation du \u00ab\u00a0Certificat de Victimologie appliqu\u00e9e \u00e0 l\u2019enfant et \u00e0 l\u2019adolescent\u00a0\u00bb &#8211; Milatos \u2013\u00a0<strong>Cr\u00eate<\/strong> &#8211; 2003<\/p><p>&#8211; CISCP\u00a0: Centre International de Sciences Criminelles et P\u00e9nales\u00a0: Animation du S\u00e9minaire \u00ab\u00a0Debriefing Psychologique Pratique. Groupe Formation et groupe Perfectionnement\u00a0\u00bb &#8211; Milatos \u2013\u00a0<strong>Cr\u00eate<\/strong> &#8211; 2003<\/p><p>&#8211; Fondatrice et ex-pr\u00e9sidente du \u00ab\u00a0Coll\u00e8ge de Victimologie Clinique\u00a0\u00bb &#8211;\u00a0<strong>Clermont-Ferrand<\/strong>\u00a0&#8211; juin 2001<\/p><p>&#8211; Fondatrice et Animatrice des r\u00e9unions mensuelles \u00ab\u00a0Rencontres de Victimologie\u00a0\u00bb &#8211;\u00a0<strong>Clermont-Ferrand<\/strong>\u00a0\u2013 1998 \u00e0 2004<\/p><p>&#8211; Membre fondateur de la Soci\u00e9t\u00e9 Europ\u00e9enne de Victimologie \u2013\u00a0<strong>Niort<\/strong> &#8211; 1998<\/p><p><strong><u>7 &#8211; Communications \u2013 Congr\u00e8s<\/u><\/strong><\/p><p>&#8211; 2015 \u2013 \u00ab\u00a0<em>Psycho-trauma et Sensoriel\u00a0\u00bb<\/em> &#8211; Conf\u00e9rence &#8211; Institut M\u00e9dical &#8211; Antananarivo &#8211; Madagascar &#8211; 16 novembre<\/p><p>&#8211; 2012 &#8211; <em>\u00ab\u00a0De la survivance \u00e0 la vie\u00a0\u00bb<\/em> &#8211; Conf\u00e9rence sur le psychotrauma &#8211; Minist\u00e8re de la Culture &#8211; Antananarivo &#8211; Madagascar &#8211; 28 novembre<\/p><p>&#8211; 2009 \u2013 \u00ab\u00a0<em>Valeur de l\u2019expertise psychiatrique et psychologique dans le processus judiciaire chez les victimes d\u2019agressions sexuelles et de violence intrafamiliale\u00a0\u00bb &#8211; <\/em>Managua &#8211;\u00a0<strong>Nicaragua<\/strong>\u00a0&#8211; 2 d\u00e9cembre 2009<\/p><p>&#8211; 2009 \u2013 \u00ab\u00a0<em>Stress et l\u00e9sions psychiques dans la violence sexuelle et intrafamiliale\u00a0\u00bb &#8211; <\/em>Managua &#8211;\u00a0<strong>Nicaragua<\/strong>\u00a0&#8211; 3 d\u00e9cembre<\/p><p>&#8211; 2009 \u2013 \u00ab\u00a0<em>Les enfants expos\u00e9s aux violences conjugales\u00a0\u00bb &#8211; <\/em><strong>Carpentras<\/strong>\u00a0&#8211; 3 novembre<\/p><p>&#8211; 2008 \u2013 \u00ab\u00a0<em>Entendre la souffrance de l\u2019enfant victime\u00a0\u00bb &#8211; <\/em>Conf\u00e9rences &#8211; Le Tampon et Saint Pierre \u2013<\/p><p>Universit\u00e9 de <strong>La R\u00e9union<\/strong><\/p><p>&#8211; 2007 \u2013 \u00ab\u00a0<em>L\u2019Inceste et les agressions sexuelles chez l\u2019enfant\u00a0\u00bb &#8211; <\/em>IHESI : Institut des Hautes \u00c9tudes de la S\u00e9curit\u00e9 Int\u00e9rieure &#8211; Minist\u00e8re de l\u2019Int\u00e9rieur &#8211; <strong>Paris<\/strong><\/p><p>&#8211; 2006 &#8211; \u00ab <em>\u00catre mieux \u00e0 l\u2019\u00e9coute de l\u2019enfant maltrait\u00e9 \u00bb <\/em>&#8211; Conseil G\u00e9n\u00e9ral du Vaucluse &#8211;\u00a0<strong>Avignon<\/strong><\/p><p>&#8211; 2005 \u2013 \u00ab\u00a0<em>L\u2019enfant agress\u00e9 sexuellement\u00a0\u00bb <\/em>&#8211; Conseil G\u00e9n\u00e9ral du Vaucluse &#8211;\u00a0<strong>Avignon<\/strong><\/p><p>&#8211; 2004 \u2013 \u00a0<em>Le viol de masse dans les guerres et les conflits\u00a0\u00bb &#8211; <\/em>Sant\u00e9 Humanitaire<strong> &#8211; Lyon<\/strong><\/p><p>&#8211; 11 01 2002 \u2013 \u00ab\u00a0<em>Les \u00e9v\u00e9nements traumatisants, quelle aide apporter dans le cadre scolaire\u00a0?\u00a0\u00bb &#8211; <\/em>Conf\u00e9rence pour les personnels \u00e9ducatifs de la R\u00e9gion Auvergne &#8211; Rectorat de <strong>Clermont-Ferrand<\/strong><\/p><p>&#8211; 06 12 2001 \u2013 \u00ab\u00a0<em>Le psychotrauma chez les enfants\u00a0\u00bb &#8211; <\/em>Conseil R\u00e9gional de la Dr\u00f4me &#8211; <strong>Valence<\/strong><\/p><p>&#8211; 21 11 2001 \u2013 \u00ab\u00a0<em>Hold-up, Pr\u00e9vention, R\u00e9paration des troubles\u00a0\u00bb &#8211; <\/em>Caisse d\u2019Epargne &#8211; R\u00e9gion\u00a0<strong>Auvergne<\/strong><\/p><p>&#8211; 10 09 2001 \u2013 \u00ab\u00a0<em>La prise en charge des victimes\u00a0\u00bb &#8211; <\/em>Association de m\u00e9decine rurale &#8211; <strong>Cournonterral (34)<\/strong><\/p><p>&#8211; 20 06 2001 \u2013 \u00ab\u00a0<em>Le viol, arme du g\u00e9nocide\u00a0\u00bb &#8211; <\/em>Congr\u00e8s \u00ab\u00a0L\u2019agresseur sexuel, probl\u00e9matique et prise en charge\u00a0\u00bb &#8211; Facult\u00e9 de M\u00e9decine &#8211; <strong>Montpellier<\/strong><\/p><p>&#8211; 07 06 2001 \u2013 \u00ab\u00a0<em>Victimologie\u00a0\u00bb &#8211; <\/em><strong>B\u00e9ziers<\/strong><\/p><p>&#8211; 05 06 2001 \u2013 \u00ab\u00a0<em>Victimes d\u2019accidents, victimes d\u2019agressions physiques et\/ou psychologiques\u00a0\u00bb &#8211; <\/em>Transports urbains \u2013\u00a0<strong>Clermont-Ferrand<\/strong><\/p><p>&#8211; 24 04 2001 \u2013 CESU \u2013 SMUR \u00ab\u00a0<em>Les urgences psychiatriques\u00bb &#8211;\u00a0<\/em><strong>Puy de D\u00f4me<\/strong><\/p><p>&#8211; 06 03 2001 \u2013 \u00ab\u00a0<em>Victimes d\u2019agressions physiques, victimes d\u2019agressions psychiques\u00a0\u00bb &#8211; <\/em>France &#8211; T\u00e9l\u00e9com \u2013\u00a0<strong>Clermont-Ferrand<\/strong><\/p><p>&#8211; 09 12 2000 &#8211; Conf\u00e9rence \u2013 Atelier \u00ab\u00a0<em>Dessine-moi ta souffrance\u00a0: Intrusion traumatisante ou acte th\u00e9rapeutique\u00a0?\u00a0\u00bb &#8211; <\/em>Colloque\u00a0: \u00ab\u00a0<em>Les Cicatrices Psychiques\u00a0\u00bb &#8211; <\/em>Centre d\u2019\u00c9tudes de la Famille \u2013 Association \u2013 CEFA \u2013 ASIEM &#8211;<strong> Paris<\/strong><\/p><p>&#8211; 08 12 2000 \u2013 \u00ab\u00a0<em>Le debriefing chez les enfants\u00a0\u00bb &#8211; <\/em>7<sup>\u00e8me<\/sup>\u00a0Journ\u00e9e de Victimologie Pratique \u2013 Association Scientifique M\u00e2connaise de Psychiatrie &#8211; Centre Hospitalier de <strong>Sevrey (71)<\/strong><\/p><p>&#8211; 30 11 2000 \u2013 \u00ab\u00a0<em>Le devenir du trauma de l\u2019enfant chez l\u2019adulte\u00a0\u00bb <\/em>&#8211; Mod\u00e9rateur \u2013 8<sup>\u00e8me<\/sup>\u00a0Salon International Psychiatrie et Syst\u00e8me Nerveux Central \u2013 Cit\u00e9 des Sciences et de l\u2019Industrie<strong> &#8211; Paris<\/strong><\/p><p>&#8211; 13 10 2000 \u2013 \u00ab\u00a0<em>Les Maltraitances\u00a0\u00bb &#8211; Atelier\u00a0: \u00ab\u00a0Pathologies des victimes\u00bb<\/em> \u2013 Rapporteur Communication\u00a0: \u00ab\u00a0<em>Le dessin dans la prise en charge des enfants victimes\u00a0: Int\u00e9r\u00eat, limites\u00a0\u00bb<\/em><\/p><p>&#8211; 11 \u00e0 13 10 2000 \u2013 \u00ab\u00a0<em>Sant\u00e9 Mentale au Troisi\u00e8me Mill\u00e9naire\u00a0: Vers de nouvelles pratiques de soins\u00a0\u00bb &#8211; <\/em>Congr\u00e8s europ\u00e9en \u2013 Association Hospitali\u00e8re Sainte Marie &#8211; Centre d\u2019expositions et des Congr\u00e8s &#8211; Polyd\u00f4me &#8211;\u00a0<strong>Clermont-Ferrand<\/strong><\/p><p>&#8211; 08 08 2000 &#8211; Conf\u00e9rence \u2013 Atelier \u00ab\u00a0<em>Les traces de la victimisation chez les enfants\u00a0\u00bb &#8211; <\/em>X\u00b0 International Symposium on Victimology \u2013 Beyond Boundaries \u2013 Research and Action for the Third Millennium \u2013 5 au 11 ao\u00fbt 2000 \u2013 Palais des Congr\u00e8s \u2013 Montr\u00e9al &#8211;\u00a0<strong>Canada<\/strong><\/p><p>&#8211; 09 07 2000 \u2013 \u00c9mission radio \u2013 Questions\/R\u00e9ponses en direct \u2013 Radio Pristina &#8211; <strong>Kosovo<\/strong><\/p><p>&#8211; 08 07 2000 \u2013 Conf\u00e9rence \u00ab\u00a0<em>La r\u00e9silience\u00a0\u00bb &#8211; <\/em>Pristina &#8211; <strong>Kosovo<\/strong><\/p><p>&#8211; 07 07 2000 \u2013 Conf\u00e9rence \u00ab\u00a0<em>Troubles du comportement s\u00e9quellaires d\u2019un psychotraumatisme chez l\u2019enfant et l\u2019adolescent\u00a0\u00bb &#8211; <\/em>Colloque Glocovc &#8211; <strong>Kosovo<\/strong><\/p><p>&#8211; 13 06 2000 \u2013 \u00ab\u00a0<em>Les urgences psychiatriques\u00a0\u00bb &#8211; <\/em>CESU \u2013 SAMU 63 \u2013 <strong>Clermont-Ferrand<\/strong><\/p><p>&#8211; 08 06 2000 Conf\u00e9rence \u2013 D\u00e9bat \u00ab\u00a0<em>Le stress dans tous ses \u00e9tats\u00a0\u00bb &#8211; <\/em>Caisse mutuelle EDF\/GDF et<\/p><p>SUPPAU &#8211; <strong>Gerzat (63)<\/strong><\/p><p>&#8211; 16 05 2000 \u2013 Conf\u00e9rence \u00ab\u00a0<em>Le psychotraumatisme des populations civiles sous la guerre\u00a0\u00bb &#8211; <\/em>Congr\u00e8s Unit\u00e9 de Formation des Travailleurs Sociaux \u2013 <strong>Vic-le-Comte (63)<\/strong><\/p><p>&#8211; 23 03 2000 \u2013 Conf\u00e9rence \u00ab\u00a0<em>Dessine-moi ta souffrance\u00a0: intrusion traumatisante ou acte th\u00e9rapeutique\u00a0?\u00a0\u00bb &#8211; <\/em>Association Francophone d\u2019\u00c9tudes et de Recherche en Urgence Psychiatrique &#8211; <strong>Lyon<\/strong><\/p><p>&#8211; 22 12 1999 \u2013 \u00c9mission radio en direct, 2 heures. \u2013 \u00ab <em>Questions-r\u00e9ponses \u00e0 propos du psychotrauma et des troubles diff\u00e9r\u00e9s\u00a0\u00bb <\/em>\u2013 Radio Pristina \u2013 <strong>Kosovo<\/strong><\/p><p>&#8211; 20 12 1999 \u2013 Conf\u00e9rence<em> \u00ab\u00a0Le psychotraumatisme \u2013 Troubles imm\u00e9diats et diff\u00e9r\u00e9s\u00a0\u00bb &#8211; <\/em>Pristina &#8211; <strong>Kosovo<\/strong><\/p><p>&#8211; 01 12 1999 \u2013<em> \u00ab\u00a0D\u00e9finition et prise en charge des syndromes psychotraumatiques\u00a0\u00bb &#8211; <\/em>Conf\u00e9rence pour les praticiens-conseils \u2013 Caisse Primaire d\u2018Assurance Maladie \u2013 R\u00e9gion Auvergne \u2013 <strong>Clermont-Ferrand<\/strong><\/p><p>&#8211; 27 11 1999 \u2013 Conf\u00e9rence \u2013 Atelier<em> \u00ab\u00a0Le dessin de la famille et la guerre chez les enfants du Kosovo\u00a0: r\u00e9tablir la \u00ab\u00a0continuit\u00e9 d\u2019\u00eatre\u00a0\u00bb\u00a0\u00bb &#8211; <\/em>7<sup>\u00e8me<\/sup>Salon International Psychiatrie et Syst\u00e8me Nerveux Central \u2013 Cit\u00e9 des Sciences et de l\u2019Industrie &#8211; <strong>Paris<\/strong><\/p><p>&#8211; 08 07 1999 \u2013 Conf\u00e9rence<em> \u00ab\u00a0Le psychotraumatisme &#8211; Sa prise en charge\u00a0\u00bb &#8211; <\/em>H\u00f4tel Stampa \u2013 Elbasan &#8211; <strong>Albanie<\/strong>. Reportage de la t\u00e9l\u00e9vision albanaise<\/p><p>&#8211; 07 05 1999 \u2013<em> \u00ab\u00a0La prise en charge du trauma chez les enfants r\u00e9fugi\u00e9s du Kosovo\u00a0\u00bb &#8211; <\/em>Tirana \u2013 <strong>Kosovo<\/strong> &#8211; Reportage sur France 2 et TV 5<\/p><p>&#8211; 29 01 1999 \u2013 Conf\u00e9rence \u2013 D\u00e9bat<em> \u00ab\u00a0Le stress\u00a0\u00bb &#8211; <\/em><strong>Lempdes (63)<\/strong><\/p><p>&#8211; 06 05 1998 \u2013 Communication\u00a0: \u00ab\u00a0<em>Les cellules d\u2019urgence m\u00e9dico-psychologique\u00a0\u00bb &#8211; <\/em>Congr\u00e8s de M\u00e9decine de Catastrophe &#8211; <strong>Clermont-Ferrand<\/strong><\/p><p>&#8211; 23 02 1998 \u2013 Conf\u00e9rence \u00ab\u00a0<em>D\u00e9finir l\u2019aide m\u00e9dico-psychologique\u00a0\u00bb <\/em>Association \u00ab\u00a0Victime Auvergne Conseil\u00a0\u00bb Inavem &#8211; <strong>Clermont-Ferrand<\/strong><\/p><p>&#8211; 03 02 1998 \u2013 Conf\u00e9rence \u00ab\u00a0<em>Pr\u00e9vention du suicide\u00a0\u00bb &#8211; <\/em>Lyc\u00e9e de Presles &#8211; <strong>Vichy<\/strong><\/p><p>&#8211; 29 01 1998 \u2013 Conf\u00e9rence \u00ab\u00a0<em>Troubles psychosomatiques\u00a0\u00bb &#8211; <\/em>Lyc\u00e9e de Presles &#8211; <strong>Vichy<\/strong><\/p><p>&#8211; 22 11 1997 \u2013 Conf\u00e9rence \u00ab\u00a0<em>L\u2019Aide aux victimes : la place des th\u00e9rapies corporelles\u00a0\u00bb &#8211; <\/em>2<sup>\u00e8me<\/sup>\u00a0congr\u00e8s inter-r\u00e9gional &#8211; Centre Auvergne Limousin \u2013 Association Fran\u00e7aise de Somatoth\u00e9rapie \u2013 <strong>Montlu\u00e7on<\/strong><\/p><p>&#8211; 25 03 1997 \u2013 Conf\u00e9rence \u00ab\u00a0<em>Le corps en psychiatrie\u00a0\u00bb &#8211; <\/em>Association de psychiatres priv\u00e9s \u2013 <strong>Clermont-Ferrand<\/strong><\/p><p>&#8211; 02 03 1997 \u2013 Conf\u00e9rence \u00ab\u00a0<em>L\u2019Aide aux Victimes\u00a0\u00bb &#8211; <\/em>Forum M\u00e9dical Auvergne &#8211; <strong>Clermont-Ferrand<\/strong><\/p><p>&#8211; 10 01 97 \u2013 Conf\u00e9rence <em>\u00ab\u00a0Le champ de la victimologie en m\u00e9decine du travail\u00a0\u00bb &#8211; <\/em>Association Interprofessionnelle de M\u00e9decine du Travail du Puy de D\u00f4me &#8211; <strong>Clermont-Ferrand<\/strong><\/p><p><strong><u>8 &#8211; Publications<\/u><\/strong><\/p><p><strong>\u00ab\u00a0Th\u00e9rapie Psycho-Sensorielle<\/strong> &#8211; La s\u00e9ance de Travers\u00e9e Psycho-Sensorielle pour traiter le psycho-trauma\u00a0\u00bb &#8211; Sauramps-M\u00e9dical &#8211; mai 2019 &#8211; Montpellier &#8211; 311 pages &#8211; ISBN 979 10 303 0198 4<\/p><p><em>\u00ab\u00a0La trace sensorielle du trauma dans les dessins d\u2019enfants victimes\u00a0\u00bb &#8211; <\/em><strong>La Revue Francophone du Stress et du Trauma<\/strong>\u00a0\u2013 n\u00b0 2 \u2013 F\u00e9vrier 2001 &#8211; Paris<\/p><p><em>\u00ab\u00a0Syndrome de Sarajevo : aider les anciens \u00e0 passer le cap\u00a0\u00bb <\/em><strong>Journal La Montagne<\/strong> &#8211; 27 10 2000 \u2013 Clermont-Ferrand<\/p><p><em>\u00ab\u00a0Le syndrome de Sarajevo\u00a0\u00bb &#8211; <\/em><strong>T\u00e9l\u00e9rama<\/strong> n\u00b0 2549 \u2013 21- 27 octobre 2000 &#8211; Paris<\/p><p><em>\u00abComment aborder le psychotrauma des enfants confront\u00e9s \u00e0 la guerre\u00bb<\/em>\u00a0<strong>Polyphonie<\/strong>\u00a0\u2013 Politique du sujet \u2013 N\u00b0 2 Trauma et Histoire \u2013<strong>Revue Interdisciplinaire d\u2019\u00c9tudes et de Recherches de l\u2019UFTS<\/strong>\u00a0\u2013 Novembre 2000 \u2013 Vic le Comte<\/p><p><em>\u00ab\u00a0Dessine-moi ta souffrance : intrusion traumatisante ou acte th\u00e9rapeutique\u00a0?\u00a0\u00bb &#8211; <\/em><strong>Synapse<\/strong> &#8211; mai 2000 &#8211; Paris<\/p><p><em>Analyse du \u00ab\u00a0Pr\u00e9cis de Victimologie G\u00e9n\u00e9rale\u00a0\u00bb &#8211; <\/em>J Audet, JF Katz \u2013 <strong>Synapse<\/strong> &#8211; f\u00e9vrier 2000 &#8211; Paris<\/p><p><em>\u00abRapport de mission Elbasan Albanie\u00bb<\/em>\u00a0<strong>Cellule Nationale d\u2019Urgence M\u00e9dico-psychologique du Minist\u00e8re des Affaires \u00c9trang\u00e8res <\/strong>\u2013Juillet 1999 \u2013 Paris<\/p><p><em>\u00ab\u00a0La souffrance en images des enfants du Kosovo\u00a0\u00bb <\/em><strong>Journal La Montagne<\/strong> &#8211; 22 mai 1999 \u2013 Clermont Ferrand<\/p><p><em>\u00ab\u00a0Rapport de mission Tirana Albanie\u00a0\u00bb <\/em><strong>Cellule Nationale d\u2019Urgence M\u00e9dico-psychologique du Minist\u00e8re des Affaires \u00c9trang\u00e8res<\/strong> \u2013 Mai 1999 &#8211; Paris<\/p><p><em>\u00ab\u00a0L\u2019Aide aux Victimes\u00a0\u00bb <\/em><strong>La Revue Fran\u00e7aise de Psychiatrie et de Psychologie M\u00e9dicale<\/strong> &#8211; F\u00e9vrier 1999<\/p><p><em>\u00ab Le stress \u00bb<\/em>\u00a0Chapitre 4 \u2013 Pages 232 \u2013 242 et <em>\u00ab\u00a0Les troubles psychosomatiques\u00a0\u00bb <\/em>Chapitre 5 \u2013 Pages 243 \u2013 274 in <em>\u00ab\u00a0La Souffrance de l\u2019Homme : une approche globale du fonctionnement psychique\u00a0\u00bb<\/em> &#8211; PR M Reynaud, Dr J Malarewicz \u2013 <strong>Albin Michel<\/strong> &#8211; Paris \u2013 Mars 1996<\/p><p><em>\u00ab\u00a0La Relaxation \u00e0 Inductions Variables modul\u00e9e dans une Th\u00e9rapie du P.T.S.D.\u00a0\u00bb <\/em>M\u00e9moire, Dipl\u00f4me de Victimologie, <strong>The American University, Department of Justice, Law and Society<\/strong> &#8211; Washington D.C. \u2013 USA &#8211; Juillet 1995<\/p><p><em>\u00ab\u00a0Etats s\u00e9quellaires du Stress. R\u00e9\u00e9mergence du traumatisme au cours d\u2019une cure de Relaxation \u00e0 Inductions Variables\u00a0\u00bb &#8211; <\/em>M\u00e9moire &#8211; D.U. du Stress &#8211; <strong>Universit\u00e9 Ren\u00e9 Descartes<\/strong> \u2013 Paris &#8211; Juin 1994<\/p>","protected":false},"excerpt":{"rendered":"<p>&nbsp; &#8211; Neuro-Psychiatre Sp\u00e9cialiste Psychotraumatologie\u00a0 adultes &amp; enfants &#8211; N\u00e9e le 9 janvier 1944\u2013 Attestation de P\u00e9diatrie \u2013 Paris 1971\u2013 DES de Phoniatrie \u2013 Paris 1971\u2013 Docteur en m\u00e9decine (Th\u00e8se) \u2013 1972\u2013 Dipl\u00f4me Universitaire de Stress et Traumatismes Majeurs de l\u2019Universit\u00e9 Ren\u00e9 Descartes \u2013 Paris 1994\u2013 Dipl\u00f4me Universitaire de Victimologie de l\u2019Universit\u00e9 Am\u00e9ricaine de Washington &hellip; <\/p>\n<p class=\"link-more\"><a href=\"https:\/\/tps-trauma.org\/index.php\/lauteur\/\" class=\"more-link\">Continuer la lecture<span class=\"screen-reader-text\"> de &laquo;&nbsp;Docteur Marie-Claude L\u00c9N\u00c8S&nbsp;&raquo;<\/span><\/a><\/p>\n","protected":false},"author":1,"featured_media":0,"parent":0,"menu_order":0,"comment_status":"closed","ping_status":"closed","template":"","meta":{"_crdt_document":"","_uf_show_specific_survey":0,"_uf_disable_surveys":false,"jetpack_post_was_ever_published":false,"footnotes":""},"class_list":["post-9","page","type-page","status-publish","hentry"],"aioseo_notices":[],"jetpack_sharing_enabled":true,"jetpack_shortlink":"https:\/\/wp.me\/PajXwX-9","jetpack-related-posts":[],"_links":{"self":[{"href":"https:\/\/tps-trauma.org\/index.php\/wp-json\/wp\/v2\/pages\/9","targetHints":{"allow":["GET"]}}],"collection":[{"href":"https:\/\/tps-trauma.org\/index.php\/wp-json\/wp\/v2\/pages"}],"about":[{"href":"https:\/\/tps-trauma.org\/index.php\/wp-json\/wp\/v2\/types\/page"}],"author":[{"embeddable":true,"href":"https:\/\/tps-trauma.org\/index.php\/wp-json\/wp\/v2\/users\/1"}],"replies":[{"embeddable":true,"href":"https:\/\/tps-trauma.org\/index.php\/wp-json\/wp\/v2\/comments?post=9"}],"version-history":[{"count":58,"href":"https:\/\/tps-trauma.org\/index.php\/wp-json\/wp\/v2\/pages\/9\/revisions"}],"predecessor-version":[{"id":2426,"href":"https:\/\/tps-trauma.org\/index.php\/wp-json\/wp\/v2\/pages\/9\/revisions\/2426"}],"wp:attachment":[{"href":"https:\/\/tps-trauma.org\/index.php\/wp-json\/wp\/v2\/media?parent=9"}],"curies":[{"name":"wp","href":"https:\/\/api.w.org\/{rel}","templated":true}]}}